{"id":23920,"date":"2026-05-16T00:15:42","date_gmt":"2026-05-16T00:15:42","guid":{"rendered":"https:\/\/institutodebioetica.com\/site\/?page_id=23920"},"modified":"2026-05-16T00:23:16","modified_gmt":"2026-05-16T00:23:16","slug":"charlas","status":"publish","type":"page","link":"https:\/\/institutodebioetica.com\/site\/charlas\/","title":{"rendered":"CHARLAS"},"content":{"rendered":"\t\t<div data-elementor-type=\"wp-page\" data-elementor-id=\"23920\" class=\"elementor elementor-23920\">\n\t\t\t\t\t\t<section class=\"elementor-section elementor-top-section elementor-element elementor-element-4748ef15 elementor-section-height-min-height elementor-section-stretched elementor-section-boxed elementor-section-height-default elementor-section-items-middle\" data-id=\"4748ef15\" data-element_type=\"section\" data-e-type=\"section\" data-settings=\"{&quot;stretch_section&quot;:&quot;section-stretched&quot;,&quot;background_background&quot;:&quot;classic&quot;}\">\n\t\t\t\t\t\t<div class=\"elementor-container elementor-column-gap-custom\">\n\t\t\t\t\t<div class=\"elementor-column elementor-col-100 elementor-top-column elementor-element elementor-element-38cd06f\" data-id=\"38cd06f\" data-element_type=\"column\" data-e-type=\"column\">\n\t\t\t<div class=\"elementor-widget-wrap elementor-element-populated\">\n\t\t\t\t\t\t<div class=\"elementor-element elementor-element-b712db4 elementor-invisible elementor-widget elementor-widget-thim-ekits-page-title\" data-id=\"b712db4\" data-element_type=\"widget\" data-e-type=\"widget\" data-settings=\"{&quot;_animation&quot;:&quot;fadeIn&quot;}\" data-widget_type=\"thim-ekits-page-title.default\">\n\t\t\t\t<div class=\"elementor-widget-container\">\n\t\t\t\t\t\t\t<div class=\"thim-ekit-page-title\">\n\t\t<h1 class=\"page-title\">Archivos<\/h1>\t\t<\/div>\n\t\t\t\t\t\t<\/div>\n\t\t\t\t<\/div>\n\t\t\t\t\t<\/div>\n\t\t<\/div>\n\t\t\t\t\t<\/div>\n\t\t<\/section>\n\t\t<div class=\"elementor-element elementor-element-8c7886d e-flex e-con-boxed e-con e-parent\" data-id=\"8c7886d\" data-element_type=\"container\" data-e-type=\"container\">\n\t\t\t\t\t<div class=\"e-con-inner\">\n\t\t<div class=\"elementor-element elementor-element-e0f8b7b e-con-full e-flex elementor-invisible e-con e-child\" data-id=\"e0f8b7b\" data-element_type=\"container\" data-e-type=\"container\" data-settings=\"{&quot;animation&quot;:&quot;ekit--slide-right&quot;}\">\n\t\t\t\t<div class=\"elementor-element elementor-element-123809f elementor-widget elementor-widget-heading\" data-id=\"123809f\" data-element_type=\"widget\" data-e-type=\"widget\" data-widget_type=\"heading.default\">\n\t\t\t\t\t<h1 class=\"elementor-heading-title elementor-size-default\">Medicina Digital e IA<\/h1>\t\t\t\t<\/div>\n\t\t\t\t<div class=\"elementor-element elementor-element-85bf719 elementor-widget elementor-widget-text-editor\" data-id=\"85bf719\" data-element_type=\"widget\" data-e-type=\"widget\" data-widget_type=\"text-editor.default\">\n\t\t\t\t\t\t\t\t\t<p style=\"text-align: justify;\"><strong>Clase en el Diplomado de Medicina Digital UCV Feb 2024<\/strong><\/p><p style=\"text-align: justify;\">Este video presenta al cardi\u00f3logo Dr. Gabriel D&#8217; Empaire, quien discute la bio\u00e9tica en la era de la medicina digital y la inteligencia artificial. D&#8217; Empaire destaca que los avances tecnol\u00f3gicos, si bien beneficiosos, plantean dilemas \u00e9ticos cruciales.<\/p>\t\t\t\t\t\t\t\t<\/div>\n\t\t\t\t<\/div>\n\t\t<div class=\"elementor-element elementor-element-93c3087 e-con-full e-flex elementor-invisible e-con e-child\" data-id=\"93c3087\" data-element_type=\"container\" data-e-type=\"container\" data-settings=\"{&quot;animation&quot;:&quot;ekit--slide-left&quot;}\">\n\t\t\t\t<div class=\"elementor-element elementor-element-2eb6fc3 elementor-widget elementor-widget-heading\" data-id=\"2eb6fc3\" data-element_type=\"widget\" data-e-type=\"widget\" data-widget_type=\"heading.default\">\n\t\t\t\t\t<h1 class=\"elementor-heading-title elementor-size-default\">\u00bfPara qu\u00e9 la Bio\u00e9tica?<\/h1>\t\t\t\t<\/div>\n\t\t\t\t<div class=\"elementor-element elementor-element-67d4bd4 elementor-widget elementor-widget-text-editor\" data-id=\"67d4bd4\" data-element_type=\"widget\" data-e-type=\"widget\" data-widget_type=\"text-editor.default\">\n\t\t\t\t\t\t\t\t\t<p style=\"text-align: justify;\"><strong>Diplomado Bio\u00e9tica aplicada SVC<\/strong><\/p><p style=\"text-align: justify;\">Este video resume el octavo y \u00faltimo m\u00f3dulo de un curso de bio\u00e9tica, presentado por el Dr. Gabriel. La conferencia repasa la necesidad de la bio\u00e9tica ante los r\u00e1pidos avances m\u00e9dicos y tecnol\u00f3gicos.<\/p>\t\t\t\t\t\t\t\t<\/div>\n\t\t\t\t<\/div>\n\t\t\t\t\t<\/div>\n\t\t\t\t<\/div>\n\t\t<div class=\"elementor-element elementor-element-f89881a e-flex e-con-boxed e-con e-parent\" data-id=\"f89881a\" data-element_type=\"container\" data-e-type=\"container\">\n\t\t\t\t\t<div class=\"e-con-inner\">\n\t\t<div class=\"elementor-element elementor-element-15d5e12 e-con-full e-flex elementor-invisible e-con e-child\" data-id=\"15d5e12\" data-element_type=\"container\" data-e-type=\"container\" data-settings=\"{&quot;animation&quot;:&quot;ekit--slide-right&quot;}\">\n\t\t\t\t<div class=\"elementor-element elementor-element-fbab85c elementor-widget elementor-widget-heading\" data-id=\"fbab85c\" data-element_type=\"widget\" data-e-type=\"widget\" data-widget_type=\"heading.default\">\n\t\t\t\t\t<h1 class=\"elementor-heading-title elementor-size-default\">Costos, Justicia y Equidad<\/h1>\t\t\t\t<\/div>\n\t\t\t\t<div class=\"elementor-element elementor-element-b40a386 elementor-widget elementor-widget-text-editor\" data-id=\"b40a386\" data-element_type=\"widget\" data-e-type=\"widget\" data-widget_type=\"text-editor.default\">\n\t\t\t\t\t\t\t\t\t<p><strong>Diplomado Bio\u00e9tica aplicada SVC<\/strong><\/p><p style=\"text-align: justify;\">En este video, la quinta sesi\u00f3n del curso de bio\u00e9tica, aborda los costos, la justicia y la equidad en la medicina. Se argumenta que la gesti\u00f3n equitativa de los recursos sanitarios es el mayor desaf\u00edo \u00e9tico actual, ya que la falta de acceso a la salud afecta a millones de personas.<\/p>\t\t\t\t\t\t\t\t<\/div>\n\t\t\t\t<\/div>\n\t\t<div class=\"elementor-element elementor-element-967721c e-con-full e-flex elementor-invisible e-con e-child\" data-id=\"967721c\" data-element_type=\"container\" data-e-type=\"container\" data-settings=\"{&quot;animation&quot;:&quot;ekit--slide-left&quot;}\">\n\t\t\t\t<div class=\"elementor-element elementor-element-2211e97 elementor-widget elementor-widget-heading\" data-id=\"2211e97\" data-element_type=\"widget\" data-e-type=\"widget\" data-widget_type=\"heading.default\">\n\t\t\t\t\t<h1 class=\"elementor-heading-title elementor-size-default\">La prescripcio\u0301n... \u00bfun acto me\u0301dico o moral?<\/h1>\t\t\t\t<\/div>\n\t\t\t\t<div class=\"elementor-element elementor-element-de282e4 elementor-widget elementor-widget-text-editor\" data-id=\"de282e4\" data-element_type=\"widget\" data-e-type=\"widget\" data-widget_type=\"text-editor.default\">\n\t\t\t\t\t\t\t\t\t<p><strong>Diplomado de Bio\u00e9tica SVC<\/strong><\/p><p style=\"text-align: justify;\">Este video argumenta que la prescripci\u00f3n m\u00e9dica es un acto cient\u00edfico, t\u00e9cnico y moral. Se destaca la transici\u00f3n de un modelo paternalista a uno basado en la autonom\u00eda del paciente, donde las decisiones se comparten.<\/p>\t\t\t\t\t\t\t\t<\/div>\n\t\t\t\t<\/div>\n\t\t\t\t\t<\/div>\n\t\t\t\t<\/div>\n\t\t<div class=\"elementor-element elementor-element-ac4e98a e-flex e-con-boxed e-con e-parent\" data-id=\"ac4e98a\" data-element_type=\"container\" data-e-type=\"container\">\n\t\t\t\t\t<div class=\"e-con-inner\">\n\t\t<div class=\"elementor-element elementor-element-a293fbb e-con-full e-flex elementor-invisible e-con e-child\" data-id=\"a293fbb\" data-element_type=\"container\" data-e-type=\"container\" data-settings=\"{&quot;animation&quot;:&quot;ekit--slide-right&quot;}\">\n\t\t\t\t<div class=\"elementor-element elementor-element-33f2519 elementor-widget elementor-widget-heading\" data-id=\"33f2519\" data-element_type=\"widget\" data-e-type=\"widget\" data-widget_type=\"heading.default\">\n\t\t\t\t\t<h1 class=\"elementor-heading-title elementor-size-default\">Del Paternalismo a la Autonom\u00eda.<\/h1>\t\t\t\t<\/div>\n\t\t\t\t<div class=\"elementor-element elementor-element-de11e5b elementor-widget elementor-widget-text-editor\" data-id=\"de11e5b\" data-element_type=\"widget\" data-e-type=\"widget\" data-widget_type=\"text-editor.default\">\n\t\t\t\t\t\t\t\t\t<p><strong>Diplomado Bio\u00e9tica aplicada SVC<\/strong><\/p><p style=\"text-align: justify;\">La conferencia, dirigida por el Dr. Gabriel Damper, se centra en el cambio del paternalismo m\u00e9dico a la autonom\u00eda del paciente. Se argumenta que la bio\u00e9tica es crucial en la medicina actual debido a los r\u00e1pidos avances cient\u00edficos y tecnol\u00f3gicos y a los importantes cambios sociales.<\/p>\t\t\t\t\t\t\t\t<\/div>\n\t\t\t\t<\/div>\n\t\t<div class=\"elementor-element elementor-element-4b1df73 e-con-full e-flex elementor-invisible e-con e-child\" data-id=\"4b1df73\" data-element_type=\"container\" data-e-type=\"container\" data-settings=\"{&quot;animation&quot;:&quot;ekit--slide-left&quot;}\">\n\t\t\t\t<div class=\"elementor-element elementor-element-d6925cd elementor-widget elementor-widget-heading\" data-id=\"d6925cd\" data-element_type=\"widget\" data-e-type=\"widget\" data-widget_type=\"heading.default\">\n\t\t\t\t\t<h1 class=\"elementor-heading-title elementor-size-default\">\u00bfPor qu\u00e9 y para que de la Bio\u00e9tica?<\/h1>\t\t\t\t<\/div>\n\t\t\t\t<div class=\"elementor-element elementor-element-d2f206c elementor-widget elementor-widget-text-editor\" data-id=\"d2f206c\" data-element_type=\"widget\" data-e-type=\"widget\" data-widget_type=\"text-editor.default\">\n\t\t\t\t\t\t\t\t\t<p><strong>Diplomado Bio\u00e9tica aplicada SVC<\/strong><\/p><p>Este video, la segunda clase de un curso de bio\u00e9tica cl\u00ednica, se centra en la evoluci\u00f3n del paternalismo m\u00e9dico a la autonom\u00eda del paciente. El Dr. Gabriel Damper, el orador, comienza recomendando la pel\u00edcula \u00abThe Doctor\u00bb por su descripci\u00f3n de los aspectos \u00e9ticos en la pr\u00e1ctica cl\u00ednica.<\/p>\t\t\t\t\t\t\t\t<\/div>\n\t\t\t\t<\/div>\n\t\t\t\t\t<\/div>\n\t\t\t\t<\/div>\n\t\t<div class=\"elementor-element elementor-element-19593056 e-flex e-con-boxed e-con e-parent\" data-id=\"19593056\" data-element_type=\"container\" data-e-type=\"container\" data-settings=\"{&quot;background_background&quot;:&quot;classic&quot;}\">\n\t\t\t\t\t<div class=\"e-con-inner\">\n\t\t<div class=\"elementor-element elementor-element-6e115c4f e-con-full e-flex e-con e-child\" data-id=\"6e115c4f\" data-element_type=\"container\" data-e-type=\"container\">\n\t\t\t\t<div class=\"elementor-element elementor-element-7b831007 elementor-widget elementor-widget-heading\" data-id=\"7b831007\" data-element_type=\"widget\" data-e-type=\"widget\" data-widget_type=\"heading.default\">\n\t\t\t\t\t<h1 class=\"elementor-heading-title elementor-size-default\">\u00bfTiene dudas o preguntas sobre nuestro instituto?<\/h1>\t\t\t\t<\/div>\n\t\t\t\t<div class=\"elementor-element elementor-element-1c6c4780 elementor-widget elementor-widget-text-editor\" data-id=\"1c6c4780\" data-element_type=\"widget\" data-e-type=\"widget\" data-widget_type=\"text-editor.default\">\n\t\t\t\t\t\t\t\t\t<section id=\"sp-main-body\"><div class=\"row\"><main id=\"sp-component\" class=\"col-lg-12 \"><div class=\"sp-column \"><div id=\"sp-page-builder\" class=\"sp-page-builder  page-61 \"><div class=\"page-content builder-container\"><section id=\"section-id-1595007250801\" class=\"sppb-section sppb-hidden-lg sppb-hidden-md sppb-hidden-sm sppb-hidden-xs sppb-section-content-center\"><div class=\"sppb-row-container\"><div class=\"sppb-row sppb-align-center\"><div id=\"column-wrap-id-1595007250841\" class=\"sppb-col-md-9  \"><div id=\"column-id-1595007250841\" class=\"sppb-column \"><div class=\"sppb-column-addons\"><div id=\"sppb-addon-wrapper-1595007250842\" class=\"sppb-addon-wrapper  addon-root-text-block\"><div id=\"sppb-addon-1595007250842\" class=\"clearfix  \"><div class=\"sppb-addon sppb-addon-text-block \"><div class=\"sppb-addon-content  \">Mediante la secci\u00f3n de contactos puede hacer las preguntas o dudas que tenga en consideraci\u00f3n.<\/div><\/div><\/div><\/div><\/div><\/div><\/div><\/div><\/div><\/section><\/div><\/div><\/div><\/main><\/div><\/section>\t\t\t\t\t\t\t\t<\/div>\n\t\t\t\t<\/div>\n\t\t<div class=\"elementor-element elementor-element-42821c5 e-con-full e-flex e-con e-child\" data-id=\"42821c5\" data-element_type=\"container\" data-e-type=\"container\">\n\t\t\t\t<div class=\"elementor-element elementor-element-6c51b139 elementor-widget elementor-widget-button\" data-id=\"6c51b139\" data-element_type=\"widget\" data-e-type=\"widget\" data-widget_type=\"button.default\">\n\t\t\t\t\t\t\t\t\t\t<a class=\"elementor-button elementor-button-link elementor-size-sm\" href=\"https:\/\/institutodebioetica.com\/site\/contactenos\/\">\n\t\t\t\t\t\t<span class=\"elementor-button-content-wrapper\">\n\t\t\t\t\t\t<span class=\"elementor-button-icon\">\n\t\t\t\t<i aria-hidden=\"true\" class=\"far fa-comment-alt\"><\/i>\t\t\t<\/span>\n\t\t\t\t\t\t\t\t\t<span class=\"elementor-button-text\">CONT\u00c1CTENOS<\/span>\n\t\t\t\t\t<\/span>\n\t\t\t\t\t<\/a>\n\t\t\t\t\t\t\t\t<\/div>\n\t\t\t\t<\/div>\n\t\t\t\t\t<\/div>\n\t\t\t\t<\/div>\n\t\t\t\t<\/div>\n\t\t","protected":false},"excerpt":{"rendered":"<p>Archivos Medicina Digital e IA Clase en el Diplomado de Medicina Digital UCV Feb 2024 Este video presenta al cardi\u00f3logo Dr. Gabriel D&#8217; Empaire, quien discute la bio\u00e9tica en la era de la medicina digital y la inteligencia artificial. D&#8217; &hellip; <\/p>\n","protected":false},"author":2,"featured_media":0,"parent":0,"menu_order":0,"comment_status":"closed","ping_status":"closed","template":"elementor_header_footer","meta":{"footnotes":""},"class_list":["post-23920","page","type-page","status-publish","hentry"],"_links":{"self":[{"href":"https:\/\/institutodebioetica.com\/site\/wp-json\/wp\/v2\/pages\/23920","targetHints":{"allow":["GET"]}}],"collection":[{"href":"https:\/\/institutodebioetica.com\/site\/wp-json\/wp\/v2\/pages"}],"about":[{"href":"https:\/\/institutodebioetica.com\/site\/wp-json\/wp\/v2\/types\/page"}],"author":[{"embeddable":true,"href":"https:\/\/institutodebioetica.com\/site\/wp-json\/wp\/v2\/users\/2"}],"replies":[{"embeddable":true,"href":"https:\/\/institutodebioetica.com\/site\/wp-json\/wp\/v2\/comments?post=23920"}],"version-history":[{"count":4,"href":"https:\/\/institutodebioetica.com\/site\/wp-json\/wp\/v2\/pages\/23920\/revisions"}],"predecessor-version":[{"id":23924,"href":"https:\/\/institutodebioetica.com\/site\/wp-json\/wp\/v2\/pages\/23920\/revisions\/23924"}],"wp:attachment":[{"href":"https:\/\/institutodebioetica.com\/site\/wp-json\/wp\/v2\/media?parent=23920"}],"curies":[{"name":"wp","href":"https:\/\/api.w.org\/{rel}","templated":true}]}}