{"id":23833,"date":"2026-05-15T21:48:36","date_gmt":"2026-05-15T21:48:36","guid":{"rendered":"https:\/\/institutodebioetica.com\/site\/?page_id=23833"},"modified":"2026-05-16T02:53:54","modified_gmt":"2026-05-16T02:53:54","slug":"la-bioetica","status":"publish","type":"page","link":"https:\/\/institutodebioetica.com\/site\/la-bioetica\/","title":{"rendered":"LA BIOETICA"},"content":{"rendered":"\t\t<div data-elementor-type=\"wp-page\" data-elementor-id=\"23833\" class=\"elementor elementor-23833\">\n\t\t\t\t\t\t<section class=\"elementor-section elementor-top-section elementor-element elementor-element-6933bf69 elementor-section-height-min-height elementor-section-stretched elementor-section-boxed elementor-section-height-default elementor-section-items-middle\" data-id=\"6933bf69\" data-element_type=\"section\" data-e-type=\"section\" data-settings=\"{&quot;stretch_section&quot;:&quot;section-stretched&quot;,&quot;background_background&quot;:&quot;classic&quot;}\">\n\t\t\t\t\t\t<div class=\"elementor-container elementor-column-gap-custom\">\n\t\t\t\t\t<div class=\"elementor-column elementor-col-100 elementor-top-column elementor-element elementor-element-66030d83\" data-id=\"66030d83\" data-element_type=\"column\" data-e-type=\"column\">\n\t\t\t<div class=\"elementor-widget-wrap elementor-element-populated\">\n\t\t\t\t\t\t<div class=\"elementor-element elementor-element-7ab3dcc elementor-invisible elementor-widget elementor-widget-thim-ekits-page-title\" data-id=\"7ab3dcc\" data-element_type=\"widget\" data-e-type=\"widget\" data-settings=\"{&quot;_animation&quot;:&quot;fadeIn&quot;}\" data-widget_type=\"thim-ekits-page-title.default\">\n\t\t\t\t<div class=\"elementor-widget-container\">\n\t\t\t\t\t\t\t<div class=\"thim-ekit-page-title\">\n\t\t<h1 class=\"page-title\">Archivos<\/h1>\t\t<\/div>\n\t\t\t\t\t\t<\/div>\n\t\t\t\t<\/div>\n\t\t\t\t\t<\/div>\n\t\t<\/div>\n\t\t\t\t\t<\/div>\n\t\t<\/section>\n\t\t<div class=\"elementor-element elementor-element-2f33feb e-flex e-con-boxed elementor-invisible e-con e-parent\" data-id=\"2f33feb\" data-element_type=\"container\" data-e-type=\"container\" data-settings=\"{&quot;animation&quot;:&quot;ekit--slide-up&quot;}\">\n\t\t\t\t\t<div class=\"e-con-inner\">\n\t\t\t\t<div class=\"elementor-element elementor-element-df0cfd0 elementor-widget elementor-widget-spacer\" data-id=\"df0cfd0\" data-element_type=\"widget\" data-e-type=\"widget\" data-widget_type=\"spacer.default\">\n\t\t\t\t\t\t\t<div class=\"elementor-spacer\">\n\t\t\t<div class=\"elementor-spacer-inner\"><\/div>\n\t\t<\/div>\n\t\t\t\t\t\t<\/div>\n\t\t\t\t<div class=\"elementor-element elementor-element-c371474 elementor-widget elementor-widget-heading\" data-id=\"c371474\" data-element_type=\"widget\" data-e-type=\"widget\" data-widget_type=\"heading.default\">\n\t\t\t\t\t<h1 class=\"elementor-heading-title elementor-size-default\">La Bio\u00e9tica una necesidad impostergable\n<\/h1>\t\t\t\t<\/div>\n\t\t\t\t<div class=\"elementor-element elementor-element-be8240e elementor-widget elementor-widget-text-editor\" data-id=\"be8240e\" data-element_type=\"widget\" data-e-type=\"widget\" data-widget_type=\"text-editor.default\">\n\t\t\t\t\t\t\t\t\t<div id=\"sppb-addon-wrapper-1582544737793\" class=\"sppb-addon-wrapper addon-root-text-block\"><div id=\"sppb-addon-1582544737793\" class=\"clearfix sppb-wow fadeInLeft sppb-animated\" style=\"text-align: justify;\" data-sppb-wow-delay=\"100ms\"><div class=\"sppb-addon sppb-addon-text-block \"><div class=\"sppb-addon-content \"><p>Los cambios cient\u00edficos, tecnol\u00f3gicos y sociales ocurridos durante las \u00faltimas d\u00e9cadas han configurado una nueva realidad y, dentro de ella, una nueva medicina dotada de recursos nunca vistos a lo largo de su historia. Novedosos m\u00e9todos de diagn\u00f3stico y tratamiento han permitido cambiar el curso de muchas enfermedades. Mas recientemente, la llegada de la inteligencia artificial ha abierto un nuevo espacio que ofrece beneficios invalorables. Mas recientemente, la llegada de la inteligencia artificial ha abierto un nuevo espacio que ofrece beneficios invalorables. De forma paralela, la cl\u00e1sica relaci\u00f3n m\u00e9dico paciente, vertical, paternalista que imper\u00f3 durante 30 siglos cambi\u00f3 a un nuevo modelo sustentado en la autonom\u00eda y los derechos de los enfermos. Sin dudas, la medicina durante las \u00faltimas ocho d\u00e9cadas ha avanzado m\u00e1s que durante treinta siglos.<\/p><p>Sin embargo, m\u00e1s all\u00e1 de los indudables beneficios, persisten serias dudas, retos y problemas, en su mayor\u00eda \u00e9ticos, relacionados con los lineamientos que deben regir el uso correcto, seguro, responsable y equitativo de los nuevos adelantos cient\u00edficos, dentro de un marco de respeto a la autonom\u00eda y los derechos de los enfermos.<\/p><\/div><\/div><\/div><\/div>\t\t\t\t\t\t\t\t<\/div>\n\t\t\t\t\t<\/div>\n\t\t\t\t<\/div>\n\t\t<div class=\"elementor-element elementor-element-77ca735 e-flex e-con-boxed e-con e-parent\" data-id=\"77ca735\" data-element_type=\"container\" data-e-type=\"container\">\n\t\t\t\t\t<div class=\"e-con-inner\">\n\t\t<div class=\"elementor-element elementor-element-96cccc0 e-con-full e-flex elementor-invisible e-con e-child\" data-id=\"96cccc0\" data-element_type=\"container\" data-e-type=\"container\" data-settings=\"{&quot;animation&quot;:&quot;ekit--slide-left&quot;}\">\n\t\t\t\t\t<img fetchpriority=\"high\" decoding=\"async\" class=\"e-image-base e-0c443cd-49760ca\" data-interaction-id=\"0c443cd\" id=\"23866\" src=\"https:\/\/institutodebioetica.com\/site\/wp-content\/uploads\/2026\/05\/close-up-blurry-scientist-working-with-glass-slide-scaled.jpg\" width=\"1777\" height=\"2560\" srcset=\"https:\/\/institutodebioetica.com\/site\/wp-content\/uploads\/2026\/05\/close-up-blurry-scientist-working-with-glass-slide-scaled.jpg 1777w, https:\/\/institutodebioetica.com\/site\/wp-content\/uploads\/2026\/05\/close-up-blurry-scientist-working-with-glass-slide-208x300.jpg 208w, https:\/\/institutodebioetica.com\/site\/wp-content\/uploads\/2026\/05\/close-up-blurry-scientist-working-with-glass-slide-711x1024.jpg 711w, https:\/\/institutodebioetica.com\/site\/wp-content\/uploads\/2026\/05\/close-up-blurry-scientist-working-with-glass-slide-768x1107.jpg 768w, https:\/\/institutodebioetica.com\/site\/wp-content\/uploads\/2026\/05\/close-up-blurry-scientist-working-with-glass-slide-1066x1536.jpg 1066w, https:\/\/institutodebioetica.com\/site\/wp-content\/uploads\/2026\/05\/close-up-blurry-scientist-working-with-glass-slide-1421x2048.jpg 1421w, https:\/\/institutodebioetica.com\/site\/wp-content\/uploads\/2026\/05\/close-up-blurry-scientist-working-with-glass-slide-600x865.jpg 600w\" alt=\"\"\/>\t\t\t\t<\/div>\n\t\t<div class=\"elementor-element elementor-element-d80cdf7 e-con-full e-flex elementor-invisible e-con e-child\" data-id=\"d80cdf7\" data-element_type=\"container\" data-e-type=\"container\" data-settings=\"{&quot;animation&quot;:&quot;ekit--slide-right&quot;}\">\n\t\t\t\t<div class=\"elementor-element elementor-element-0e16bf4 elementor-widget elementor-widget-text-editor\" data-id=\"0e16bf4\" data-element_type=\"widget\" data-e-type=\"widget\" data-widget_type=\"text-editor.default\">\n\t\t\t\t\t\t\t\t\t<p style=\"text-align: justify;\">Ante la creciente complejidad de los problemas planteados, los c\u00f3digos de \u00e9tica m\u00e9dica resultaron insuficientes. Se hizo necesario buscar una nueva aproximaci\u00f3n \u00e9tica m\u00e1s din\u00e1mica, que permitiera el an\u00e1lisis y la resoluci\u00f3n de los nuevos problemas planteados, tanto a nivel de la sociedad en general, como de cada caso en particular. En este ambiente surgi\u00f3 la Bio\u00e9tica, como un espacio de reflexi\u00f3n multidisciplinaria, una \u00e9tica aplicada con una metodolog\u00eda basada en cuatro principios y en la deliberaci\u00f3n orientada a la b\u00fasqueda de la opci\u00f3n que respete el mayor n\u00famero de valores y el canon del respeto al ser humano como fin y no solo como medio.<\/p><p style=\"text-align: justify;\">Desafortunadamente, debemos aceptar que, a pesar de su importancia a\u00fan existe un profundo vac\u00edo en la formaci\u00f3n del personal de salud, los pacientes y la poblaci\u00f3n en general sobre estos importantes temas.<\/p><p style=\"text-align: justify;\">Consciente de esta necesidad, el Instituto Internacional de Bio\u00e9tica tiene como objetivo principal: promover programas de educaci\u00f3n orientados al la capacitaci\u00f3n para el an\u00e1lisis, gesti\u00f3n, y resoluci\u00f3n de los problemas \u00e9ticos que afectan la vida en el mundo actual, con especial \u00e9nfasis en el campo de la medicina.<\/p>\t\t\t\t\t\t\t\t<\/div>\n\t\t\t\t<\/div>\n\t\t\t\t\t<\/div>\n\t\t\t\t<\/div>\n\t\t<div class=\"elementor-element elementor-element-34fea7c e-flex e-con-boxed e-con e-parent\" data-id=\"34fea7c\" data-element_type=\"container\" data-e-type=\"container\" data-settings=\"{&quot;background_background&quot;:&quot;classic&quot;}\">\n\t\t\t\t\t<div class=\"e-con-inner\">\n\t\t<div class=\"elementor-element elementor-element-1af5a8e e-con-full e-flex elementor-invisible e-con e-child\" data-id=\"1af5a8e\" data-element_type=\"container\" data-e-type=\"container\" data-settings=\"{&quot;animation&quot;:&quot;ekit--slide-right&quot;}\">\n\t\t\t\t<div class=\"elementor-element elementor-element-5ad226d elementor-widget elementor-widget-heading\" data-id=\"5ad226d\" data-element_type=\"widget\" data-e-type=\"widget\" data-widget_type=\"heading.default\">\n\t\t\t\t\t<h1 class=\"elementor-heading-title elementor-size-default\">La Bio\u00e9tica una necesidad impostergable\n<\/h1>\t\t\t\t<\/div>\n\t\t\t\t<div class=\"elementor-element elementor-element-1bd4a17 elementor-widget elementor-widget-text-editor\" data-id=\"1bd4a17\" data-element_type=\"widget\" data-e-type=\"widget\" data-widget_type=\"text-editor.default\">\n\t\t\t\t\t\t\t\t\t<p>Explicaci\u00f3n de los cuatro grandes principios de la bio\u00e9tica, propuestos por Beauchamp y Childress (1979):<\/p>\t\t\t\t\t\t\t\t<\/div>\n\t\t\t\t<\/div>\n\t\t<div class=\"elementor-element elementor-element-60e2c4e e-con-full e-flex elementor-invisible e-con e-child\" data-id=\"60e2c4e\" data-element_type=\"container\" data-e-type=\"container\" data-settings=\"{&quot;animation&quot;:&quot;ekit--slide-left&quot;}\">\n\t\t\t\t<div class=\"elementor-element elementor-element-ae9f85a elementor-widget elementor-widget-spacer\" data-id=\"ae9f85a\" data-element_type=\"widget\" data-e-type=\"widget\" data-widget_type=\"spacer.default\">\n\t\t\t\t\t\t\t<div class=\"elementor-spacer\">\n\t\t\t<div class=\"elementor-spacer-inner\"><\/div>\n\t\t<\/div>\n\t\t\t\t\t\t<\/div>\n\t\t\t\t<div class=\"elementor-element elementor-element-06d175d elementor-widget elementor-widget-n-accordion\" data-id=\"06d175d\" data-element_type=\"widget\" data-e-type=\"widget\" data-settings=\"{&quot;default_state&quot;:&quot;expanded&quot;,&quot;max_items_expended&quot;:&quot;one&quot;,&quot;n_accordion_animation_duration&quot;:{&quot;unit&quot;:&quot;ms&quot;,&quot;size&quot;:400,&quot;sizes&quot;:[]}}\" data-widget_type=\"nested-accordion.default\">\n\t\t\t\t\t\t\t<div class=\"e-n-accordion\" aria-label=\"Accordion. Open links with Enter or Space, close with Escape, and navigate with Arrow Keys\">\n\t\t\t\t\t\t<details id=\"e-n-accordion-item-7140\" class=\"e-n-accordion-item\" open>\n\t\t\t\t<summary class=\"e-n-accordion-item-title\" data-accordion-index=\"1\" tabindex=\"0\" aria-expanded=\"true\" aria-controls=\"e-n-accordion-item-7140\" >\n\t\t\t\t\t<span class='e-n-accordion-item-title-header'><div class=\"e-n-accordion-item-title-text\"> Autonom\u00eda <\/div><\/span>\n\t\t\t\t\t\t\t<span class='e-n-accordion-item-title-icon'>\n\t\t\t<span class='e-opened' ><i aria-hidden=\"true\" class=\"fas fa-minus\"><\/i><\/span>\n\t\t\t<span class='e-closed'><i aria-hidden=\"true\" class=\"fas fa-plus\"><\/i><\/span>\n\t\t<\/span>\n\n\t\t\t\t\t\t<\/summary>\n\t\t\t\t<div role=\"region\" aria-labelledby=\"e-n-accordion-item-7140\" class=\"elementor-element elementor-element-b761695 e-con-full e-flex e-con e-child\" data-id=\"b761695\" data-element_type=\"container\" data-e-type=\"container\">\n\t\t\t\t<div class=\"elementor-element elementor-element-383c841 elementor-widget elementor-widget-text-editor\" data-id=\"383c841\" data-element_type=\"widget\" data-e-type=\"widget\" data-widget_type=\"text-editor.default\">\n\t\t\t\t\t\t\t\t\t<p style=\"text-align: justify;\">La autonom\u00eda refleja la capacidad de la persona de tomar decisiones sobre uno mismo sin influencia externa, a su privacidad y autodeterminaci\u00f3n.\u00a0<strong>Este principio ser\u00e1 susceptible de no ser aplicado cuando se produzcan situaciones en que la persona no pueda ser 100% aut\u00f3noma o tenga autonom\u00eda reducida<\/strong>\u00a0(p. ej., estado vegetativo).<\/p><p>La m\u00e1xima expresi\u00f3n de este principio ser\u00eda el consentimiento informado del paciente. Es un derecho del paciente y un deber del profesional que lo atiende. En este sentido, las preferencias del paciente y sus valores deben ser reconocidos y respetados.<\/p>\t\t\t\t\t\t\t\t<\/div>\n\t\t\t\t<\/div>\n\t\t\t\t\t<\/details>\n\t\t\t\t\t\t<details id=\"e-n-accordion-item-7141\" class=\"e-n-accordion-item\" >\n\t\t\t\t<summary class=\"e-n-accordion-item-title\" data-accordion-index=\"2\" tabindex=\"-1\" aria-expanded=\"false\" aria-controls=\"e-n-accordion-item-7141\" >\n\t\t\t\t\t<span class='e-n-accordion-item-title-header'><div class=\"e-n-accordion-item-title-text\"> Beneficencia <\/div><\/span>\n\t\t\t\t\t\t\t<span class='e-n-accordion-item-title-icon'>\n\t\t\t<span class='e-opened' ><i aria-hidden=\"true\" class=\"fas fa-minus\"><\/i><\/span>\n\t\t\t<span class='e-closed'><i aria-hidden=\"true\" class=\"fas fa-plus\"><\/i><\/span>\n\t\t<\/span>\n\n\t\t\t\t\t\t<\/summary>\n\t\t\t\t<div role=\"region\" aria-labelledby=\"e-n-accordion-item-7141\" class=\"elementor-element elementor-element-7e86e76 e-con-full e-flex e-con e-child\" data-id=\"7e86e76\" data-element_type=\"container\" data-e-type=\"container\">\n\t\t\t\t<div class=\"elementor-element elementor-element-a532d25 elementor-widget elementor-widget-text-editor\" data-id=\"a532d25\" data-element_type=\"widget\" data-e-type=\"widget\" data-widget_type=\"text-editor.default\">\n\t\t\t\t\t\t\t\t\t<p>Es la obligaci\u00f3n y deber del profesional de actuar en beneficio al paciente u a otros. Se pretende promover los intereses leg\u00edtimos del paciente y suprimir al m\u00e1ximo sus prejuicios. Ser\u00eda como \u201chacer lo mejor para el paciente\u201d.<\/p><p style=\"text-align: justify;\">El problema que surge de este principio es que a veces se promueve el beneficio del paciente pero sin tener en cuenta su opini\u00f3n (p. ej., el m\u00e9dico posee una formaci\u00f3n y conocimientos que el paciente no tiene, por lo que el m\u00e9dico decide libremente lo que m\u00e1s le conviene a la persona). Es decir, en estos casos se prescinde de la opini\u00f3n del paciente o enfermo por su falta de conocimientos.<\/p><p style=\"text-align: justify;\"><strong>El principio de beneficencia depende del de autonom\u00eda<\/strong>, ser\u00eda como hacer el bien que el paciente consiente o solicita.<\/p><p>La m\u00e1xima expresi\u00f3n de este principio ser\u00eda el consentimiento informado del paciente. Es un derecho del paciente y un deber del profesional que lo atiende. En este sentido, las preferencias del paciente y sus valores deben ser reconocidos y respetados.<\/p>\t\t\t\t\t\t\t\t<\/div>\n\t\t\t\t<\/div>\n\t\t\t\t\t<\/details>\n\t\t\t\t\t\t<details id=\"e-n-accordion-item-7142\" class=\"e-n-accordion-item\" >\n\t\t\t\t<summary class=\"e-n-accordion-item-title\" data-accordion-index=\"3\" tabindex=\"-1\" aria-expanded=\"false\" aria-controls=\"e-n-accordion-item-7142\" >\n\t\t\t\t\t<span class='e-n-accordion-item-title-header'><div class=\"e-n-accordion-item-title-text\"> Justicia <\/div><\/span>\n\t\t\t\t\t\t\t<span class='e-n-accordion-item-title-icon'>\n\t\t\t<span class='e-opened' ><i aria-hidden=\"true\" class=\"fas fa-minus\"><\/i><\/span>\n\t\t\t<span class='e-closed'><i aria-hidden=\"true\" class=\"fas fa-plus\"><\/i><\/span>\n\t\t<\/span>\n\n\t\t\t\t\t\t<\/summary>\n\t\t\t\t<div role=\"region\" aria-labelledby=\"e-n-accordion-item-7142\" class=\"elementor-element elementor-element-af02ff8 e-con-full e-flex e-con e-child\" data-id=\"af02ff8\" data-element_type=\"container\" data-e-type=\"container\" data-settings=\"{&quot;background_background&quot;:&quot;classic&quot;}\">\n\t\t\t\t<div class=\"elementor-element elementor-element-0e3804a elementor-widget elementor-widget-text-editor\" data-id=\"0e3804a\" data-element_type=\"widget\" data-e-type=\"widget\" data-widget_type=\"text-editor.default\">\n\t\t\t\t\t\t\t\t\t<p style=\"text-align: justify;\"><strong>Este principio busca la igualdad y reducir la discriminaci\u00f3n por raz\u00f3n ideol\u00f3gica, social, cultural, econ\u00f3mica, de raza, g\u00e9nero, orientaci\u00f3n sexual, etc\u00e9tera<\/strong>. Se reconoce que todas las personas tienen derecho a los beneficios de la medicina. Se busca proporcionar a todos los pacientes la misma calidad, atenci\u00f3n y servicios en todas las intervenciones.<\/p>\t\t\t\t\t\t\t\t<\/div>\n\t\t\t\t<\/div>\n\t\t\t\t\t<\/details>\n\t\t\t\t\t\t<details id=\"e-n-accordion-item-7143\" class=\"e-n-accordion-item\" >\n\t\t\t\t<summary class=\"e-n-accordion-item-title\" data-accordion-index=\"4\" tabindex=\"-1\" aria-expanded=\"false\" aria-controls=\"e-n-accordion-item-7143\" >\n\t\t\t\t\t<span class='e-n-accordion-item-title-header'><div class=\"e-n-accordion-item-title-text\"> No maleficencia <\/div><\/span>\n\t\t\t\t\t\t\t<span class='e-n-accordion-item-title-icon'>\n\t\t\t<span class='e-opened' ><i aria-hidden=\"true\" class=\"fas fa-minus\"><\/i><\/span>\n\t\t\t<span class='e-closed'><i aria-hidden=\"true\" class=\"fas fa-plus\"><\/i><\/span>\n\t\t<\/span>\n\n\t\t\t\t\t\t<\/summary>\n\t\t\t\t<div role=\"region\" aria-labelledby=\"e-n-accordion-item-7143\" class=\"elementor-element elementor-element-d4076d7 e-flex e-con-boxed e-con e-child\" data-id=\"d4076d7\" data-element_type=\"container\" data-e-type=\"container\">\n\t\t\t\t\t<div class=\"e-con-inner\">\n\t\t\t\t<div class=\"elementor-element elementor-element-b4979c4 elementor-widget elementor-widget-text-editor\" data-id=\"b4979c4\" data-element_type=\"widget\" data-e-type=\"widget\" data-widget_type=\"text-editor.default\">\n\t\t\t\t\t\t\t\t\t<p style=\"text-align: justify;\"><strong>Este principio busca la igualdad y reducir la discriminaci\u00f3n por raz\u00f3n ideol\u00f3gica, social, cultural, econ\u00f3mica, de raza, g\u00e9nero, orientaci\u00f3n sexual, etc\u00e9tera<\/strong>. Se reconoce que todas las personas tienen derecho a los beneficios de la medicina. Se busca proporcionar a todos los pacientes la misma calidad, atenci\u00f3n y servicios en todas las intervenciones.<\/p>\t\t\t\t\t\t\t\t<\/div>\n\t\t\t\t\t<\/div>\n\t\t\t\t<\/div>\n\t\t\t\t\t<\/details>\n\t\t\t\t\t<\/div>\n\t\t\t\t\t\t<\/div>\n\t\t\t\t<div class=\"elementor-element elementor-element-35344b7 elementor-widget elementor-widget-spacer\" data-id=\"35344b7\" data-element_type=\"widget\" data-e-type=\"widget\" data-widget_type=\"spacer.default\">\n\t\t\t\t\t\t\t<div class=\"elementor-spacer\">\n\t\t\t<div class=\"elementor-spacer-inner\"><\/div>\n\t\t<\/div>\n\t\t\t\t\t\t<\/div>\n\t\t\t\t<\/div>\n\t\t\t\t\t<\/div>\n\t\t\t\t<\/div>\n\t\t<div class=\"elementor-element elementor-element-0f787ed e-flex e-con-boxed e-con e-parent\" data-id=\"0f787ed\" data-element_type=\"container\" data-e-type=\"container\">\n\t\t\t\t\t<div class=\"e-con-inner\">\n\t\t<div class=\"elementor-element elementor-element-d75fb06 e-con-full e-flex elementor-invisible e-con e-child\" data-id=\"d75fb06\" data-element_type=\"container\" data-e-type=\"container\" data-settings=\"{&quot;animation&quot;:&quot;ekit--slide-right&quot;}\">\n\t\t\t\t\t<img decoding=\"async\" class=\"e-image-base e-ff9c747-4d6cd71\" data-interaction-id=\"ff9c747\" id=\"23867\" src=\"https:\/\/institutodebioetica.com\/site\/wp-content\/uploads\/2026\/05\/close-up-woman-working-with-microscope-scaled.jpg\" width=\"1707\" height=\"2560\" srcset=\"https:\/\/institutodebioetica.com\/site\/wp-content\/uploads\/2026\/05\/close-up-woman-working-with-microscope-scaled.jpg 1707w, https:\/\/institutodebioetica.com\/site\/wp-content\/uploads\/2026\/05\/close-up-woman-working-with-microscope-200x300.jpg 200w, https:\/\/institutodebioetica.com\/site\/wp-content\/uploads\/2026\/05\/close-up-woman-working-with-microscope-683x1024.jpg 683w, https:\/\/institutodebioetica.com\/site\/wp-content\/uploads\/2026\/05\/close-up-woman-working-with-microscope-768x1152.jpg 768w, https:\/\/institutodebioetica.com\/site\/wp-content\/uploads\/2026\/05\/close-up-woman-working-with-microscope-1024x1536.jpg 1024w, https:\/\/institutodebioetica.com\/site\/wp-content\/uploads\/2026\/05\/close-up-woman-working-with-microscope-1365x2048.jpg 1365w, https:\/\/institutodebioetica.com\/site\/wp-content\/uploads\/2026\/05\/close-up-woman-working-with-microscope-600x900.jpg 600w\" alt=\"\"\/>\t\t\t\t<\/div>\n\t\t<div class=\"elementor-element elementor-element-d5dea1e e-con-full e-flex elementor-invisible e-con e-child\" data-id=\"d5dea1e\" data-element_type=\"container\" data-e-type=\"container\" data-settings=\"{&quot;animation&quot;:&quot;ekit--slide-left&quot;}\">\n\t\t\t\t<div class=\"elementor-element elementor-element-044354b elementor-widget elementor-widget-heading\" data-id=\"044354b\" data-element_type=\"widget\" data-e-type=\"widget\" data-widget_type=\"heading.default\">\n\t\t\t\t\t<h1 class=\"elementor-heading-title elementor-size-default\">La Bio\u00e9tica una necesidad impostergable<\/h1>\t\t\t\t<\/div>\n\t\t\t\t<div class=\"elementor-element elementor-element-c048962 elementor-widget elementor-widget-text-editor\" data-id=\"c048962\" data-element_type=\"widget\" data-e-type=\"widget\" data-widget_type=\"text-editor.default\">\n\t\t\t\t\t\t\t\t\t<p style=\"text-align: justify;\">\u00bfContinuar\u00e1 la bio\u00e9tica expandi\u00e9ndose y teniendo la misma importancia en el pr\u00f3ximo siglo? Una r\u00e1pida y clara respuesta a esta pregunta proviene de considerar dos recientes temas bio\u00e9ticos: el proyecto genoma y el sida.<\/p><p style=\"text-align: justify;\">Una vez que el genoma humano haya sido completamente mapeado y la informaci\u00f3n encerrada en los genes descifrada, explotar\u00e1n nuevos problemas \u00e9ticos. Esto ya est\u00e1 ocurriendo con cada nuevo descubrimiento sobre las bases gen\u00e9ticas de la enfermedad. La informaci\u00f3n generada por la investigaci\u00f3n gen\u00e9tica tiene un potencial ominoso y esperanzador al mismo tiempo. Podr\u00edan crearse bancos de informaci\u00f3n gen\u00e9tica individual. Si pudieran acceder a esta informaci\u00f3n, las agencias del gobierno, la polic\u00eda, los empresarios y las compa\u00f1\u00edas de seguros podr\u00edan literalmente dividir a las personas en categor\u00edas y destruir las iniciativas humanas. S\u00f3lo mediante criterios \u00e9ticos bien pensados y pol\u00edticas \u00e9ticas juiciosamente desarrolladas podr\u00edan evitarse los peores resultados imaginables. La propia dignidad y libertad del ser humano depende de c\u00f3mo se maneje \u00e9ticamente este proyecto biocient\u00edfico.<\/p><p style=\"text-align: justify;\">El proyecto genoma humano es el proyecto de las ciencias de la vida de los a\u00f1os 90, y puede compararse f\u00e1cilmente con el proyecto de los f\u00edsicos de liberar el poder del \u00e1tomo en los a\u00f1os 40. Los beneficios potenciales son muy grandes, pero si los problemas \u00e9ticos asociados no se discuten y piensan de antemano, la vida humana tal como la conocemos hoy en una sociedad civilizada, libre y democr\u00e1tica podr\u00eda verse amenazada. Es dif\u00edcil imaginar el ingente n\u00famero de problemas \u00e9ticos que pueden plantearse. pero las ominosas consecuencias de no ocuparse de las dimensiones bio\u00e9ticas de este proyecto son a\u00fan m\u00e1s ominosas. Por ello, no es de extra\u00f1ar que una parte del dinero destinado al proyecto genoma humano se dedique a estudiar sus aspectos bio\u00e9ticos. Las cuestiones \u00e9ticas planteadas por los avances de la gen\u00e9tica ya est\u00e1n presentes en la cl\u00ednica, pero en ning\u00fan lugar con la intensidad con que se desarrollar\u00e1n una vez que los nuevos conocimientos se conviertan en nuevos tratamientos.<\/p>\t\t\t\t\t\t\t\t<\/div>\n\t\t\t\t<\/div>\n\t\t\t\t\t<\/div>\n\t\t\t\t<\/div>\n\t\t<div class=\"elementor-element elementor-element-6d5e5aa e-flex e-con-boxed elementor-invisible e-con e-parent\" data-id=\"6d5e5aa\" data-element_type=\"container\" data-e-type=\"container\" data-settings=\"{&quot;animation&quot;:&quot;ekit--slide-up&quot;}\">\n\t\t\t\t\t<div class=\"e-con-inner\">\n\t\t\t\t<div class=\"elementor-element elementor-element-4c3966a elementor-widget elementor-widget-text-editor\" data-id=\"4c3966a\" data-element_type=\"widget\" data-e-type=\"widget\" data-widget_type=\"text-editor.default\">\n\t\t\t\t\t\t\t\t\t<p style=\"text-align: justify;\">El sida es otro problema cargado de dilemas \u00e9ticos. Igual que con otras muchas enfermedades con las que los m\u00e9dicos han batallado a lo largo de los a\u00f1os, para librar una campa\u00f1a agresiva y efectiva contra el sida hay que prestar atenci\u00f3n tanto a sus aspectos biol\u00f3gicos como a los bio\u00e9ticos. Las buenas estrategias son las que tienen en cuenta desde el principio las dimensiones cient\u00edficas y \u00e9ticas de la enfermedad. A los compromisos de encontrar vacunas y tratamientos efectivos se han sumado campa\u00f1as para proteger los derechos humanos y la dignidad de las personas infectadas por el VIH y\/o afectadas por el sida. Los esfuerzos para frenar la extensi\u00f3n de la epidemia se combinan con los que se realizan para atajar la discriminaci\u00f3n contra los portadores del virus en el trabajo, los viajes, la vivienda, el acceso a los cuidados sanitarios y los cuidados hospitalarios proporcionados por m\u00e9dicos y enfermeras.<\/p><p style=\"text-align: justify;\">Al igual que el proyecto genoma humano, el sida muestra la inevitabilidad de la bio\u00e9tica en la vida contempor\u00e1nea, as\u00ed como la cada vez mayor complejidad de este campo. A nivel pr\u00e1ctico, se plantean problemas en diversas \u00e1reas: confidencialidad; distribuci\u00f3n de recursos; uso de sujetos humanos en la experimentaci\u00f3n; desarrollo de medidas sanitarias para las escuelas, el lugar de trabajo, las prisiones y la sociedad en general; campa\u00f1as educativas; privacidad; campa\u00f1as de detecci\u00f3n; consentimiento informado; y un largo etc\u00e9tera. Ning\u00fan aspecto de la epidemia del sida est\u00e1 desprovisto de una dimensi\u00f3n bio\u00e9tica.<\/p><p style=\"text-align: justify;\">Hasta donde se nos alcanza, la bio\u00e9tica expandi\u00e9ndose y teniendo importancia, ya que adem\u00e1s de ser inseparables de la bio\u00e9tica, las ciencias biol\u00f3gicas seguir\u00e1n desempe\u00f1ando un papel cr\u00edtico. Todas las instituciones ser\u00e1n obligadas a establecer normas \u00e9ticas. Habr\u00e1 que desarrollar y actualizar constantemente c\u00f3digos y leyes, tanto a nivel nacional como internacional, as\u00ed como en los planos pol\u00edtico y profesional. Los profesionales cl\u00ednicos versados en bio\u00e9tica desempe\u00f1ar\u00e1n nuevos papeles en el futuro. La disciplina que emergi\u00f3 en la segunda mitad del siglo XX en Estados Unidos y Europa es ahora una empresa internacional, expandiendo cada d\u00eda mas en Am\u00e9rica Lat\u00edna y el Oriente. Es dif\u00edcil imaginar que no va a seguir acompa\u00f1\u00e1ndonos a lo largo del pr\u00f3ximo milenio.<\/p>\t\t\t\t\t\t\t\t<\/div>\n\t\t\t\t\t<\/div>\n\t\t\t\t<\/div>\n\t\t<div class=\"elementor-element elementor-element-23bfb8bd e-flex e-con-boxed e-con e-parent\" data-id=\"23bfb8bd\" data-element_type=\"container\" data-e-type=\"container\" data-settings=\"{&quot;background_background&quot;:&quot;classic&quot;}\">\n\t\t\t\t\t<div class=\"e-con-inner\">\n\t\t<div class=\"elementor-element elementor-element-7d6d9e0d e-con-full e-flex e-con e-child\" data-id=\"7d6d9e0d\" data-element_type=\"container\" data-e-type=\"container\">\n\t\t\t\t<div class=\"elementor-element elementor-element-50bed891 elementor-widget elementor-widget-heading\" data-id=\"50bed891\" data-element_type=\"widget\" data-e-type=\"widget\" data-widget_type=\"heading.default\">\n\t\t\t\t\t<h1 class=\"elementor-heading-title elementor-size-default\">\u00bfTiene dudas o preguntas sobre nuestro instituto?<\/h1>\t\t\t\t<\/div>\n\t\t\t\t<div class=\"elementor-element elementor-element-af21e4 elementor-widget elementor-widget-text-editor\" data-id=\"af21e4\" data-element_type=\"widget\" data-e-type=\"widget\" data-widget_type=\"text-editor.default\">\n\t\t\t\t\t\t\t\t\t<section id=\"sp-main-body\"><div class=\"row\"><main id=\"sp-component\" class=\"col-lg-12 \"><div class=\"sp-column \"><div id=\"sp-page-builder\" class=\"sp-page-builder  page-61 \"><div class=\"page-content builder-container\"><section id=\"section-id-1595007250801\" class=\"sppb-section sppb-hidden-lg sppb-hidden-md sppb-hidden-sm sppb-hidden-xs sppb-section-content-center\"><div class=\"sppb-row-container\"><div class=\"sppb-row sppb-align-center\"><div id=\"column-wrap-id-1595007250841\" class=\"sppb-col-md-9  \"><div id=\"column-id-1595007250841\" class=\"sppb-column \"><div class=\"sppb-column-addons\"><div id=\"sppb-addon-wrapper-1595007250842\" class=\"sppb-addon-wrapper  addon-root-text-block\"><div id=\"sppb-addon-1595007250842\" class=\"clearfix  \"><div class=\"sppb-addon sppb-addon-text-block \"><div class=\"sppb-addon-content  \">Mediante la secci\u00f3n de contactos puede hacer las preguntas o dudas que tenga en consideraci\u00f3n.<\/div><\/div><\/div><\/div><\/div><\/div><\/div><\/div><\/div><\/section><\/div><\/div><\/div><\/main><\/div><\/section>\t\t\t\t\t\t\t\t<\/div>\n\t\t\t\t<\/div>\n\t\t<div class=\"elementor-element elementor-element-4f2388c3 e-con-full e-flex e-con e-child\" data-id=\"4f2388c3\" data-element_type=\"container\" data-e-type=\"container\">\n\t\t\t\t<div class=\"elementor-element elementor-element-576dad2a elementor-widget elementor-widget-button\" data-id=\"576dad2a\" data-element_type=\"widget\" data-e-type=\"widget\" data-widget_type=\"button.default\">\n\t\t\t\t\t\t\t\t\t\t<a class=\"elementor-button elementor-button-link elementor-size-sm\" href=\"https:\/\/institutodebioetica.com\/site\/contactenos\/\">\n\t\t\t\t\t\t<span class=\"elementor-button-content-wrapper\">\n\t\t\t\t\t\t<span class=\"elementor-button-icon\">\n\t\t\t\t<i aria-hidden=\"true\" class=\"far fa-comment-alt\"><\/i>\t\t\t<\/span>\n\t\t\t\t\t\t\t\t\t<span class=\"elementor-button-text\">CONT\u00c1CTENOS<\/span>\n\t\t\t\t\t<\/span>\n\t\t\t\t\t<\/a>\n\t\t\t\t\t\t\t\t<\/div>\n\t\t\t\t<\/div>\n\t\t\t\t\t<\/div>\n\t\t\t\t<\/div>\n\t\t\t\t<\/div>\n\t\t","protected":false},"excerpt":{"rendered":"<p>Archivos La Bio\u00e9tica una necesidad impostergable Los cambios cient\u00edficos, tecnol\u00f3gicos y sociales ocurridos durante las \u00faltimas d\u00e9cadas han configurado una nueva realidad y, dentro de ella, una nueva medicina dotada de recursos nunca vistos a lo largo de su historia. &hellip; <\/p>\n","protected":false},"author":2,"featured_media":0,"parent":0,"menu_order":0,"comment_status":"closed","ping_status":"closed","template":"elementor_header_footer","meta":{"footnotes":""},"class_list":["post-23833","page","type-page","status-publish","hentry"],"_links":{"self":[{"href":"https:\/\/institutodebioetica.com\/site\/wp-json\/wp\/v2\/pages\/23833","targetHints":{"allow":["GET"]}}],"collection":[{"href":"https:\/\/institutodebioetica.com\/site\/wp-json\/wp\/v2\/pages"}],"about":[{"href":"https:\/\/institutodebioetica.com\/site\/wp-json\/wp\/v2\/types\/page"}],"author":[{"embeddable":true,"href":"https:\/\/institutodebioetica.com\/site\/wp-json\/wp\/v2\/users\/2"}],"replies":[{"embeddable":true,"href":"https:\/\/institutodebioetica.com\/site\/wp-json\/wp\/v2\/comments?post=23833"}],"version-history":[{"count":13,"href":"https:\/\/institutodebioetica.com\/site\/wp-json\/wp\/v2\/pages\/23833\/revisions"}],"predecessor-version":[{"id":23994,"href":"https:\/\/institutodebioetica.com\/site\/wp-json\/wp\/v2\/pages\/23833\/revisions\/23994"}],"wp:attachment":[{"href":"https:\/\/institutodebioetica.com\/site\/wp-json\/wp\/v2\/media?parent=23833"}],"curies":[{"name":"wp","href":"https:\/\/api.w.org\/{rel}","templated":true}]}}