{"id":23742,"date":"2026-05-14T19:25:49","date_gmt":"2026-05-14T19:25:49","guid":{"rendered":"https:\/\/institutodebioetica.com\/site\/?page_id=23742"},"modified":"2026-05-16T03:07:49","modified_gmt":"2026-05-16T03:07:49","slug":"educacion","status":"publish","type":"page","link":"https:\/\/institutodebioetica.com\/site\/educacion\/","title":{"rendered":"EDUCACION"},"content":{"rendered":"\t\t<div data-elementor-type=\"wp-page\" data-elementor-id=\"23742\" class=\"elementor elementor-23742\">\n\t\t\t\t\t\t<section class=\"elementor-section elementor-top-section elementor-element elementor-element-273d32e3 elementor-section-height-min-height elementor-section-stretched elementor-section-boxed elementor-section-height-default elementor-section-items-middle\" data-id=\"273d32e3\" data-element_type=\"section\" data-e-type=\"section\" data-settings=\"{&quot;stretch_section&quot;:&quot;section-stretched&quot;,&quot;background_background&quot;:&quot;classic&quot;}\">\n\t\t\t\t\t\t<div class=\"elementor-container elementor-column-gap-custom\">\n\t\t\t\t\t<div class=\"elementor-column elementor-col-100 elementor-top-column elementor-element elementor-element-41e0d760\" data-id=\"41e0d760\" data-element_type=\"column\" data-e-type=\"column\">\n\t\t\t<div class=\"elementor-widget-wrap elementor-element-populated\">\n\t\t\t\t\t\t<div class=\"elementor-element elementor-element-41774aa elementor-invisible elementor-widget elementor-widget-thim-ekits-page-title\" data-id=\"41774aa\" data-element_type=\"widget\" data-e-type=\"widget\" data-settings=\"{&quot;_animation&quot;:&quot;fadeIn&quot;}\" data-widget_type=\"thim-ekits-page-title.default\">\n\t\t\t\t<div class=\"elementor-widget-container\">\n\t\t\t\t\t\t\t<div class=\"thim-ekit-page-title\">\n\t\t<h1 class=\"page-title\">Archivos<\/h1>\t\t<\/div>\n\t\t\t\t\t\t<\/div>\n\t\t\t\t<\/div>\n\t\t\t\t\t<\/div>\n\t\t<\/div>\n\t\t\t\t\t<\/div>\n\t\t<\/section>\n\t\t<div class=\"elementor-element elementor-element-1d52059 e-flex e-con-boxed e-con e-parent\" data-id=\"1d52059\" data-element_type=\"container\" data-e-type=\"container\">\n\t\t\t\t\t<div class=\"e-con-inner\">\n\t\t<div class=\"elementor-element elementor-element-01a0a62 e-con-full e-flex elementor-invisible e-con e-child\" data-id=\"01a0a62\" data-element_type=\"container\" data-e-type=\"container\" data-settings=\"{&quot;animation&quot;:&quot;ekit--slide-right&quot;}\">\n\t\t\t\t<div class=\"elementor-element elementor-element-16a80d8 elementor-widget elementor-widget-heading\" data-id=\"16a80d8\" data-element_type=\"widget\" data-e-type=\"widget\" data-widget_type=\"heading.default\">\n\t\t\t\t\t<h1 class=\"elementor-heading-title elementor-size-default\">Desarrollar programas de formaci\u00f3n acad\u00e9mica<\/h1>\t\t\t\t<\/div>\n\t\t\t\t<div class=\"elementor-element elementor-element-57608e7 elementor-invisible elementor-widget elementor-widget-text-editor\" data-id=\"57608e7\" data-element_type=\"widget\" data-e-type=\"widget\" data-settings=\"{&quot;_animation&quot;:&quot;ekit--slide-right&quot;}\" data-widget_type=\"text-editor.default\">\n\t\t\t\t\t\t\t\t\t<p style=\"text-align: justify;\">A trav\u00e9s de cursos de extensi\u00f3n profesional y desarrollos de planes de formaci\u00f3n de 4to nivel en el campo de la Bio\u00e9tica, en funci\u00f3n de ofrecer alternativas para el aprendizaje continuo y aplicaci\u00f3n de los criterios \u00e9ticos en su labor profesional.<\/p><p style=\"text-align: justify;\">El amplio rango abarcado por la Bio\u00e9tica, los constantes hallazgos en el comportamiento humano y la natural evoluci\u00f3n de las cosas, propicia el escenario perfecto para que el profesional perciba la necesidad de formarse continuamente y domine aspectos de la \u00e9tica cl\u00ednica en general, bajo la aplicaci\u00f3n de criterios claramente definidos.<\/p>\t\t\t\t\t\t\t\t<\/div>\n\t\t\t\t<\/div>\n\t\t<div class=\"elementor-element elementor-element-20d0b1c e-con-full e-flex elementor-invisible e-con e-child\" data-id=\"20d0b1c\" data-element_type=\"container\" data-e-type=\"container\" data-settings=\"{&quot;animation&quot;:&quot;ekit--slide-left&quot;}\">\n\t\t\t\t\t<img fetchpriority=\"high\" decoding=\"async\" class=\"e-image-base e-590f436-a8f527c\" data-interaction-id=\"590f436\" id=\"23802\" src=\"https:\/\/institutodebioetica.com\/site\/wp-content\/uploads\/2026\/05\/positive-mood-group-young-people-casual-clothes-working-modern-office-scaled.jpg\" width=\"2560\" height=\"1709\" srcset=\"https:\/\/institutodebioetica.com\/site\/wp-content\/uploads\/2026\/05\/positive-mood-group-young-people-casual-clothes-working-modern-office-scaled.jpg 2560w, https:\/\/institutodebioetica.com\/site\/wp-content\/uploads\/2026\/05\/positive-mood-group-young-people-casual-clothes-working-modern-office-300x200.jpg 300w, https:\/\/institutodebioetica.com\/site\/wp-content\/uploads\/2026\/05\/positive-mood-group-young-people-casual-clothes-working-modern-office-1024x684.jpg 1024w, https:\/\/institutodebioetica.com\/site\/wp-content\/uploads\/2026\/05\/positive-mood-group-young-people-casual-clothes-working-modern-office-768x513.jpg 768w, https:\/\/institutodebioetica.com\/site\/wp-content\/uploads\/2026\/05\/positive-mood-group-young-people-casual-clothes-working-modern-office-1536x1025.jpg 1536w, https:\/\/institutodebioetica.com\/site\/wp-content\/uploads\/2026\/05\/positive-mood-group-young-people-casual-clothes-working-modern-office-2048x1367.jpg 2048w, https:\/\/institutodebioetica.com\/site\/wp-content\/uploads\/2026\/05\/positive-mood-group-young-people-casual-clothes-working-modern-office-675x450.jpg 675w, https:\/\/institutodebioetica.com\/site\/wp-content\/uploads\/2026\/05\/positive-mood-group-young-people-casual-clothes-working-modern-office-600x401.jpg 600w\" alt=\"\"\/>\t\t\t\t<\/div>\n\t\t\t\t\t<\/div>\n\t\t\t\t<\/div>\n\t\t<div class=\"elementor-element elementor-element-c738cfe e-flex e-con-boxed e-con e-parent\" data-id=\"c738cfe\" data-element_type=\"container\" data-e-type=\"container\">\n\t\t\t\t\t<div class=\"e-con-inner\">\n\t\t<div class=\"elementor-element elementor-element-b8d90d7 e-con-full e-flex elementor-invisible e-con e-child\" data-id=\"b8d90d7\" data-element_type=\"container\" data-e-type=\"container\" data-settings=\"{&quot;animation&quot;:&quot;ekit--slide-right&quot;}\">\n\t\t\t\t\t<img decoding=\"async\" class=\"e-image-base e-c2a143a-d924c8e\" data-interaction-id=\"c2a143a\" id=\"23803\" src=\"https:\/\/institutodebioetica.com\/site\/wp-content\/uploads\/2026\/05\/close-up-female-scientist-working-laboratory-scaled.jpg\" width=\"2560\" height=\"1669\" srcset=\"https:\/\/institutodebioetica.com\/site\/wp-content\/uploads\/2026\/05\/close-up-female-scientist-working-laboratory-scaled.jpg 2560w, https:\/\/institutodebioetica.com\/site\/wp-content\/uploads\/2026\/05\/close-up-female-scientist-working-laboratory-300x196.jpg 300w, https:\/\/institutodebioetica.com\/site\/wp-content\/uploads\/2026\/05\/close-up-female-scientist-working-laboratory-1024x668.jpg 1024w, https:\/\/institutodebioetica.com\/site\/wp-content\/uploads\/2026\/05\/close-up-female-scientist-working-laboratory-768x501.jpg 768w, https:\/\/institutodebioetica.com\/site\/wp-content\/uploads\/2026\/05\/close-up-female-scientist-working-laboratory-1536x1001.jpg 1536w, https:\/\/institutodebioetica.com\/site\/wp-content\/uploads\/2026\/05\/close-up-female-scientist-working-laboratory-2048x1335.jpg 2048w, https:\/\/institutodebioetica.com\/site\/wp-content\/uploads\/2026\/05\/close-up-female-scientist-working-laboratory-600x391.jpg 600w\" alt=\"\"\/>\t\t\t\t<\/div>\n\t\t<div class=\"elementor-element elementor-element-7b77f12 e-con-full e-flex elementor-invisible e-con e-child\" data-id=\"7b77f12\" data-element_type=\"container\" data-e-type=\"container\" data-settings=\"{&quot;animation&quot;:&quot;ekit--slide-left&quot;}\">\n\t\t\t\t<div class=\"elementor-element elementor-element-7e9c1e9 elementor-widget elementor-widget-heading\" data-id=\"7e9c1e9\" data-element_type=\"widget\" data-e-type=\"widget\" data-widget_type=\"heading.default\">\n\t\t\t\t\t<h1 class=\"elementor-heading-title elementor-size-default\">Nuestros planes\n<\/h1>\t\t\t\t<\/div>\n\t\t\t\t<div class=\"elementor-element elementor-element-84384d0 elementor-invisible elementor-widget elementor-widget-text-editor\" data-id=\"84384d0\" data-element_type=\"widget\" data-e-type=\"widget\" data-settings=\"{&quot;_animation&quot;:&quot;ekit--slide-left&quot;}\" data-widget_type=\"text-editor.default\">\n\t\t\t\t\t\t\t\t\t<p style=\"text-align: justify;\">De estudio est\u00e1n dirigidos a profesionales que tengan la intenci\u00f3n de conocer profundamente la definici\u00f3n, aplicaci\u00f3n y campo de acci\u00f3n de la Bio\u00e9tica, con el prop\u00f3sito de formarse para la resoluci\u00f3n de problemas vinculados a esta disciplina y su naturaleza. Especialmente para ampliar la peque\u00f1a proporci\u00f3n de profesionales, que en la actualidad son conocedores de los t\u00f3picos tratados en \u00e9sta \u00e1rea.<\/p><p style=\"text-align: justify;\">Fundamentalmente se pretende captar la atenci\u00f3n de aquellas personas que han culminado estudios en el campo de la salud y en otras \u00e1reas como Derecho o Leyes, sin ser excluyente a personas que desempe\u00f1an un rol activo en el dise\u00f1o de Pol\u00edticas Asistenciales y en otras actividades afines a esta vertiente.<\/p>\t\t\t\t\t\t\t\t<\/div>\n\t\t\t\t<\/div>\n\t\t\t\t\t<\/div>\n\t\t\t\t<\/div>\n\t\t<div class=\"elementor-element elementor-element-040c9b0 e-flex e-con-boxed e-con e-parent\" data-id=\"040c9b0\" data-element_type=\"container\" data-e-type=\"container\">\n\t\t\t\t\t<div class=\"e-con-inner\">\n\t\t<div class=\"elementor-element elementor-element-f5d55df e-con-full e-flex elementor-invisible e-con e-child\" data-id=\"f5d55df\" data-element_type=\"container\" data-e-type=\"container\" data-settings=\"{&quot;animation&quot;:&quot;ekit--slide-right&quot;}\">\n\t\t\t\t<div class=\"elementor-element elementor-element-8391192 elementor-widget elementor-widget-heading\" data-id=\"8391192\" data-element_type=\"widget\" data-e-type=\"widget\" data-widget_type=\"heading.default\">\n\t\t\t\t\t<h1 class=\"elementor-heading-title elementor-size-default\">Partiendo de lo anterior<\/h1>\t\t\t\t<\/div>\n\t\t\t\t<div class=\"elementor-element elementor-element-0a7e6a6 elementor-widget elementor-widget-text-editor\" data-id=\"0a7e6a6\" data-element_type=\"widget\" data-e-type=\"widget\" data-widget_type=\"text-editor.default\">\n\t\t\t\t\t\t\t\t\t<p style=\"text-align: justify;\">Al completar cabalmente los contenidos del programa de formaci\u00f3n, el egresado ser\u00e1 un profesional con un nivel de abstracci\u00f3n superior, capaz de comprender cada aspecto de la Bio\u00e9tica, y de aplicar los conocimientos adquiridos en su labor.<\/p><p style=\"text-align: justify;\">Fundamentalmente se pretende captar la atenci\u00f3n de aquellas personas que han culminado estudios en el campo de la salud y en otras \u00e1reas como Derecho o Leyes, sin ser excluyente a personas que desempe\u00f1an un rol activo en el dise\u00f1o de Pol\u00edticas Asistenciales y en otras actividades afines a esta vertiente.<\/p>\t\t\t\t\t\t\t\t<\/div>\n\t\t\t\t<\/div>\n\t\t<div class=\"elementor-element elementor-element-4a14801 e-con-full e-flex elementor-invisible e-con e-child\" data-id=\"4a14801\" data-element_type=\"container\" data-e-type=\"container\" data-settings=\"{&quot;animation&quot;:&quot;ekit--slide-left&quot;}\">\n\t\t\t\t\t<img decoding=\"async\" class=\"e-image-base e-3748138-238b278\" data-interaction-id=\"3748138\" id=\"23805\" src=\"https:\/\/institutodebioetica.com\/site\/wp-content\/uploads\/2026\/05\/biochemical-research-scientist-team-working-with-microscope-coronavirus-vaccine-development-pharmaceutical-research-labolatory-selective-focus-scaled.jpg\" width=\"2560\" height=\"1707\" srcset=\"https:\/\/institutodebioetica.com\/site\/wp-content\/uploads\/2026\/05\/biochemical-research-scientist-team-working-with-microscope-coronavirus-vaccine-development-pharmaceutical-research-labolatory-selective-focus-scaled.jpg 2560w, https:\/\/institutodebioetica.com\/site\/wp-content\/uploads\/2026\/05\/biochemical-research-scientist-team-working-with-microscope-coronavirus-vaccine-development-pharmaceutical-research-labolatory-selective-focus-300x200.jpg 300w, https:\/\/institutodebioetica.com\/site\/wp-content\/uploads\/2026\/05\/biochemical-research-scientist-team-working-with-microscope-coronavirus-vaccine-development-pharmaceutical-research-labolatory-selective-focus-1024x683.jpg 1024w, https:\/\/institutodebioetica.com\/site\/wp-content\/uploads\/2026\/05\/biochemical-research-scientist-team-working-with-microscope-coronavirus-vaccine-development-pharmaceutical-research-labolatory-selective-focus-768x512.jpg 768w, https:\/\/institutodebioetica.com\/site\/wp-content\/uploads\/2026\/05\/biochemical-research-scientist-team-working-with-microscope-coronavirus-vaccine-development-pharmaceutical-research-labolatory-selective-focus-1536x1024.jpg 1536w, https:\/\/institutodebioetica.com\/site\/wp-content\/uploads\/2026\/05\/biochemical-research-scientist-team-working-with-microscope-coronavirus-vaccine-development-pharmaceutical-research-labolatory-selective-focus-2048x1365.jpg 2048w, https:\/\/institutodebioetica.com\/site\/wp-content\/uploads\/2026\/05\/biochemical-research-scientist-team-working-with-microscope-coronavirus-vaccine-development-pharmaceutical-research-labolatory-selective-focus-675x450.jpg 675w, https:\/\/institutodebioetica.com\/site\/wp-content\/uploads\/2026\/05\/biochemical-research-scientist-team-working-with-microscope-coronavirus-vaccine-development-pharmaceutical-research-labolatory-selective-focus-600x400.jpg 600w\" alt=\"\"\/>\t\t\t\t<\/div>\n\t\t\t\t\t<\/div>\n\t\t\t\t<\/div>\n\t\t<div class=\"elementor-element elementor-element-1bc2ee50 e-flex e-con-boxed e-con e-parent\" data-id=\"1bc2ee50\" data-element_type=\"container\" data-e-type=\"container\" data-settings=\"{&quot;background_background&quot;:&quot;classic&quot;}\">\n\t\t\t\t\t<div class=\"e-con-inner\">\n\t\t<div class=\"elementor-element elementor-element-44b8b6e0 e-con-full e-flex e-con e-child\" data-id=\"44b8b6e0\" data-element_type=\"container\" data-e-type=\"container\">\n\t\t\t\t<div class=\"elementor-element elementor-element-3b9ed7d0 elementor-widget elementor-widget-heading\" data-id=\"3b9ed7d0\" data-element_type=\"widget\" data-e-type=\"widget\" data-widget_type=\"heading.default\">\n\t\t\t\t\t<h1 class=\"elementor-heading-title elementor-size-default\">\u00bfTiene dudas o preguntas sobre nuestro instituto?<\/h1>\t\t\t\t<\/div>\n\t\t\t\t<div class=\"elementor-element elementor-element-11badb23 elementor-widget elementor-widget-text-editor\" data-id=\"11badb23\" data-element_type=\"widget\" data-e-type=\"widget\" data-widget_type=\"text-editor.default\">\n\t\t\t\t\t\t\t\t\t<section id=\"sp-main-body\"><div class=\"row\"><main id=\"sp-component\" class=\"col-lg-12 \"><div class=\"sp-column \"><div id=\"sp-page-builder\" class=\"sp-page-builder  page-61 \"><div class=\"page-content builder-container\"><section id=\"section-id-1595007250801\" class=\"sppb-section sppb-hidden-lg sppb-hidden-md sppb-hidden-sm sppb-hidden-xs sppb-section-content-center\"><div class=\"sppb-row-container\"><div class=\"sppb-row sppb-align-center\"><div id=\"column-wrap-id-1595007250841\" class=\"sppb-col-md-9  \"><div id=\"column-id-1595007250841\" class=\"sppb-column \"><div class=\"sppb-column-addons\"><div id=\"sppb-addon-wrapper-1595007250842\" class=\"sppb-addon-wrapper  addon-root-text-block\"><div id=\"sppb-addon-1595007250842\" class=\"clearfix  \"><div class=\"sppb-addon sppb-addon-text-block \"><div class=\"sppb-addon-content  \">Mediante la secci\u00f3n de contactos puede hacer las preguntas o dudas que tenga en consideraci\u00f3n.<\/div><\/div><\/div><\/div><\/div><\/div><\/div><\/div><\/div><\/section><\/div><\/div><\/div><\/main><\/div><\/section>\t\t\t\t\t\t\t\t<\/div>\n\t\t\t\t<\/div>\n\t\t<div class=\"elementor-element elementor-element-46f9dae e-con-full e-flex e-con e-child\" data-id=\"46f9dae\" data-element_type=\"container\" data-e-type=\"container\">\n\t\t\t\t<div class=\"elementor-element elementor-element-52d925a1 elementor-widget elementor-widget-button\" data-id=\"52d925a1\" data-element_type=\"widget\" data-e-type=\"widget\" data-widget_type=\"button.default\">\n\t\t\t\t\t\t\t\t\t\t<a class=\"elementor-button elementor-button-link elementor-size-sm\" href=\"https:\/\/institutodebioetica.com\/site\/contactenos\/\">\n\t\t\t\t\t\t<span class=\"elementor-button-content-wrapper\">\n\t\t\t\t\t\t<span class=\"elementor-button-icon\">\n\t\t\t\t<i aria-hidden=\"true\" class=\"far fa-comment-alt\"><\/i>\t\t\t<\/span>\n\t\t\t\t\t\t\t\t\t<span class=\"elementor-button-text\">CONT\u00c1CTENOS<\/span>\n\t\t\t\t\t<\/span>\n\t\t\t\t\t<\/a>\n\t\t\t\t\t\t\t\t<\/div>\n\t\t\t\t<\/div>\n\t\t\t\t\t<\/div>\n\t\t\t\t<\/div>\n\t\t\t\t<\/div>\n\t\t","protected":false},"excerpt":{"rendered":"<p>Archivos Desarrollar programas de formaci\u00f3n acad\u00e9mica A trav\u00e9s de cursos de extensi\u00f3n profesional y desarrollos de planes de formaci\u00f3n de 4to nivel en el campo de la Bio\u00e9tica, en funci\u00f3n de ofrecer alternativas para el aprendizaje continuo y aplicaci\u00f3n de &hellip; <\/p>\n","protected":false},"author":2,"featured_media":0,"parent":0,"menu_order":0,"comment_status":"closed","ping_status":"closed","template":"elementor_header_footer","meta":{"footnotes":""},"class_list":["post-23742","page","type-page","status-publish","hentry"],"_links":{"self":[{"href":"https:\/\/institutodebioetica.com\/site\/wp-json\/wp\/v2\/pages\/23742","targetHints":{"allow":["GET"]}}],"collection":[{"href":"https:\/\/institutodebioetica.com\/site\/wp-json\/wp\/v2\/pages"}],"about":[{"href":"https:\/\/institutodebioetica.com\/site\/wp-json\/wp\/v2\/types\/page"}],"author":[{"embeddable":true,"href":"https:\/\/institutodebioetica.com\/site\/wp-json\/wp\/v2\/users\/2"}],"replies":[{"embeddable":true,"href":"https:\/\/institutodebioetica.com\/site\/wp-json\/wp\/v2\/comments?post=23742"}],"version-history":[{"count":19,"href":"https:\/\/institutodebioetica.com\/site\/wp-json\/wp\/v2\/pages\/23742\/revisions"}],"predecessor-version":[{"id":24007,"href":"https:\/\/institutodebioetica.com\/site\/wp-json\/wp\/v2\/pages\/23742\/revisions\/24007"}],"wp:attachment":[{"href":"https:\/\/institutodebioetica.com\/site\/wp-json\/wp\/v2\/media?parent=23742"}],"curies":[{"name":"wp","href":"https:\/\/api.w.org\/{rel}","templated":true}]}}