{"id":23702,"date":"2026-05-14T18:43:25","date_gmt":"2026-05-14T18:43:25","guid":{"rendered":"https:\/\/institutodebioetica.com\/site\/?page_id=23702"},"modified":"2026-05-16T03:06:14","modified_gmt":"2026-05-16T03:06:14","slug":"junta-directiva","status":"publish","type":"page","link":"https:\/\/institutodebioetica.com\/site\/junta-directiva\/","title":{"rendered":"JUNTA DIRECTIVA"},"content":{"rendered":"\t\t<div data-elementor-type=\"wp-page\" data-elementor-id=\"23702\" class=\"elementor elementor-23702\">\n\t\t\t\t\t\t<section class=\"elementor-section elementor-top-section elementor-element elementor-element-32cc755d elementor-section-height-min-height elementor-section-stretched elementor-section-boxed elementor-section-height-default elementor-section-items-middle\" data-id=\"32cc755d\" data-element_type=\"section\" data-e-type=\"section\" data-settings=\"{&quot;stretch_section&quot;:&quot;section-stretched&quot;,&quot;background_background&quot;:&quot;classic&quot;}\">\n\t\t\t\t\t\t<div class=\"elementor-container elementor-column-gap-custom\">\n\t\t\t\t\t<div class=\"elementor-column elementor-col-100 elementor-top-column elementor-element elementor-element-45460c65\" data-id=\"45460c65\" data-element_type=\"column\" data-e-type=\"column\">\n\t\t\t<div class=\"elementor-widget-wrap elementor-element-populated\">\n\t\t\t\t\t\t<div class=\"elementor-element elementor-element-e695593 elementor-invisible elementor-widget elementor-widget-thim-ekits-page-title\" data-id=\"e695593\" data-element_type=\"widget\" data-e-type=\"widget\" data-settings=\"{&quot;_animation&quot;:&quot;fadeIn&quot;}\" data-widget_type=\"thim-ekits-page-title.default\">\n\t\t\t\t<div class=\"elementor-widget-container\">\n\t\t\t\t\t\t\t<div class=\"thim-ekit-page-title\">\n\t\t<h1 class=\"page-title\">Archivos<\/h1>\t\t<\/div>\n\t\t\t\t\t\t<\/div>\n\t\t\t\t<\/div>\n\t\t\t\t\t<\/div>\n\t\t<\/div>\n\t\t\t\t\t<\/div>\n\t\t<\/section>\n\t\t<div class=\"elementor-element elementor-element-a1a06a1 e-flex e-con-boxed e-con e-parent\" data-id=\"a1a06a1\" data-element_type=\"container\" data-e-type=\"container\">\n\t\t\t\t\t<div class=\"e-con-inner\">\n\t\t<div class=\"elementor-element elementor-element-9cac21c e-con-full e-flex elementor-invisible e-con e-child\" data-id=\"9cac21c\" data-element_type=\"container\" data-e-type=\"container\" data-settings=\"{&quot;animation&quot;:&quot;ekit--slide-right&quot;}\">\n\t\t\t\t\t<img fetchpriority=\"high\" decoding=\"async\" class=\"e-image-base e-c0fe7e4-33a65ad\" data-interaction-id=\"c0fe7e4\" id=\"23793\" src=\"https:\/\/institutodebioetica.com\/site\/wp-content\/uploads\/2026\/05\/medium-shot-scientists-posing-together-scaled.jpg\" width=\"2560\" height=\"1707\" srcset=\"https:\/\/institutodebioetica.com\/site\/wp-content\/uploads\/2026\/05\/medium-shot-scientists-posing-together-scaled.jpg 2560w, https:\/\/institutodebioetica.com\/site\/wp-content\/uploads\/2026\/05\/medium-shot-scientists-posing-together-300x200.jpg 300w, https:\/\/institutodebioetica.com\/site\/wp-content\/uploads\/2026\/05\/medium-shot-scientists-posing-together-1024x683.jpg 1024w, https:\/\/institutodebioetica.com\/site\/wp-content\/uploads\/2026\/05\/medium-shot-scientists-posing-together-768x512.jpg 768w, https:\/\/institutodebioetica.com\/site\/wp-content\/uploads\/2026\/05\/medium-shot-scientists-posing-together-1536x1024.jpg 1536w, https:\/\/institutodebioetica.com\/site\/wp-content\/uploads\/2026\/05\/medium-shot-scientists-posing-together-2048x1365.jpg 2048w, https:\/\/institutodebioetica.com\/site\/wp-content\/uploads\/2026\/05\/medium-shot-scientists-posing-together-675x450.jpg 675w, https:\/\/institutodebioetica.com\/site\/wp-content\/uploads\/2026\/05\/medium-shot-scientists-posing-together-600x400.jpg 600w\" alt=\"\"\/>\t\t\t\t<\/div>\n\t\t<div class=\"elementor-element elementor-element-61d164a e-con-full e-flex elementor-invisible e-con e-child\" data-id=\"61d164a\" data-element_type=\"container\" data-e-type=\"container\" data-settings=\"{&quot;animation&quot;:&quot;ekit--slide-left&quot;}\">\n\t\t\t\t<div class=\"elementor-element elementor-element-0e02c5d elementor-widget elementor-widget-heading\" data-id=\"0e02c5d\" data-element_type=\"widget\" data-e-type=\"widget\" data-widget_type=\"heading.default\">\n\t\t\t\t\t<h1 class=\"elementor-heading-title elementor-size-default\">Trayectoria Profesional<\/h1>\t\t\t\t<\/div>\n\t\t\t\t<div class=\"elementor-element elementor-element-bc8d9b2 elementor-widget elementor-widget-text-editor\" data-id=\"bc8d9b2\" data-element_type=\"widget\" data-e-type=\"widget\" data-widget_type=\"text-editor.default\">\n\t\t\t\t\t\t\t\t\t<p style=\"text-align: justify;\">Nuestra junta directiva est\u00e1 conformada por grandes profesionales de la Bio\u00e9tica. Personajes de gran experiencia que han dedicado a\u00f1os a esta incre\u00edble ciencia.<\/p>\t\t\t\t\t\t\t\t<\/div>\n\t\t\t\t<\/div>\n\t\t\t\t\t<\/div>\n\t\t\t\t<\/div>\n\t\t<div class=\"elementor-element elementor-element-80b4766 e-flex e-con-boxed e-con e-parent\" data-id=\"80b4766\" data-element_type=\"container\" data-e-type=\"container\">\n\t\t\t\t\t<div class=\"e-con-inner\">\n\t\t\t\t<div class=\"elementor-element elementor-element-70a6bf9 elementor-widget elementor-widget-heading\" data-id=\"70a6bf9\" data-element_type=\"widget\" data-e-type=\"widget\" data-widget_type=\"heading.default\">\n\t\t\t\t\t<h2 class=\"elementor-heading-title elementor-size-default\">Fundadores<\/h2>\t\t\t\t<\/div>\n\t\t\t\t<div class=\"elementor-element elementor-element-a701010 elementor-widget elementor-widget-heading\" data-id=\"a701010\" data-element_type=\"widget\" data-e-type=\"widget\" data-widget_type=\"heading.default\">\n\t\t\t\t\t<h2 class=\"elementor-heading-title elementor-size-default\">Miembros de la Junta Directiva<\/h2>\t\t\t\t<\/div>\n\t\t\t\t<div class=\"elementor-element elementor-element-ab8ebc8 elementor-widget elementor-widget-spacer\" data-id=\"ab8ebc8\" data-element_type=\"widget\" data-e-type=\"widget\" data-widget_type=\"spacer.default\">\n\t\t\t\t\t\t\t<div class=\"elementor-spacer\">\n\t\t\t<div class=\"elementor-spacer-inner\"><\/div>\n\t\t<\/div>\n\t\t\t\t\t\t<\/div>\n\t\t\t\t\t<\/div>\n\t\t\t\t<\/div>\n\t\t<div class=\"elementor-element elementor-element-aa8b6a7 e-flex e-con-boxed e-con e-parent\" data-id=\"aa8b6a7\" data-element_type=\"container\" data-e-type=\"container\">\n\t\t\t\t\t<div class=\"e-con-inner\">\n\t\t\t\t<div class=\"elementor-element elementor-element-2899b66 thim-ekit-team-slider elementor-invisible elementor-widget elementor-widget-thim-ekits-team\" data-id=\"2899b66\" data-element_type=\"widget\" data-e-type=\"widget\" data-settings=\"{&quot;_animation&quot;:&quot;ekit--slide-up&quot;,&quot;slider_speed&quot;:4000,&quot;autoplay_speed&quot;:2500,&quot;slider_loop&quot;:&quot;yes&quot;,&quot;slidesPerView&quot;:3,&quot;slidesPerView_mobile&quot;:&quot;2&quot;,&quot;slidesPerGroup&quot;:3,&quot;spaceBetween&quot;:30,&quot;spaceBetween_mobile&quot;:&quot;15&quot;,&quot;slider_autoplay&quot;:&quot;yes&quot;,&quot;pause_on_interaction&quot;:&quot;yes&quot;,&quot;pause_on_hover&quot;:&quot;yes&quot;,&quot;centered_slides&quot;:&quot;no&quot;,&quot;slider_show_pagination&quot;:&quot;none&quot;}\" data-widget_type=\"thim-ekits-team.default\">\n\t\t\t\t<div class=\"elementor-widget-container\">\n\t\t\t\t\t\n\t\t\n\t\t<div class=\"thim-ekits-sliders swiper-container\">\n\t\t\t<div class=\" swiper-wrapper\">\n\t\t\t\t\t\t\t\t\t\t<div class=\"thim-ekit-team__article swiper-slide post-23702 page type-page status-publish hentry\">\n\t\t\t\t\t\t\t\t\t<div class=\"thim-ekit-team__thumbnail\">\n\t\t\t\t\t\t<div class=\"thim-ekit-team__image\">\n\t\t\t\t<img decoding=\"async\" width=\"376\" height=\"614\" src=\"https:\/\/institutodebioetica.com\/site\/wp-content\/uploads\/2026\/05\/5.jpg\" class=\"attachment-medium_large size-medium_large wp-image-23722\" alt=\"\" srcset=\"https:\/\/institutodebioetica.com\/site\/wp-content\/uploads\/2026\/05\/5.jpg 376w, https:\/\/institutodebioetica.com\/site\/wp-content\/uploads\/2026\/05\/5-184x300.jpg 184w\" sizes=\"(max-width: 376px) 100vw, 376px\" \/>\t\t\t<\/div>\n\t\t\t\t\t\t<div class=\"thim-ekit-team__list-social\"><\/div>\t\t<\/div>\n\t\t\t\t<div class=\"thim-ekit-team__content\">\n\t\t<div class=\"thim-ekit-team__member-name\">Dr. Gabriel d&#039; Empaire Y.<\/div>\t\t\t<div class=\"thim-ekit-team__member-position\">\n\t\t\t\tPresidente del Institute of International Bioethics\t\t\t<\/div>\n\t\t\t\t\t\t<div class=\"thim-ekit-team__member-description\">\n\t\t\t\tM\u00e9dico Cirujano - Especialidad: Cardiolog\u00eda y Cuidados Intensivos n Bio\u00e9tica. President of the Institute of International Bioethics. Director de Bio\u00e9tica SIAC. Profesor Jubilado de Bio\u00e9tica Cl\u00ednica. UCV. Codirector del Programa Modular en Derecho Sanitario y Biomedicina. UNED. Espa\u00f1a. Coach Organizacional Internacional.\t\t\t<\/div>\n\t\t\t\t\t<\/div>\n\t\t\t\t\t\t\t\t<\/div>\n\t\t\t\t\t\t\t\t\t\t\t\t<div class=\"thim-ekit-team__article swiper-slide post-23702 page type-page status-publish hentry\">\n\t\t\t\t\t\t\t\t\t<div class=\"thim-ekit-team__thumbnail\">\n\t\t\t\t\t\t<div class=\"thim-ekit-team__image\">\n\t\t\t\t<img decoding=\"async\" width=\"376\" height=\"614\" src=\"https:\/\/institutodebioetica.com\/site\/wp-content\/uploads\/2026\/05\/2.jpg\" class=\"attachment-medium_large size-medium_large wp-image-23718\" alt=\"\" srcset=\"https:\/\/institutodebioetica.com\/site\/wp-content\/uploads\/2026\/05\/2.jpg 376w, https:\/\/institutodebioetica.com\/site\/wp-content\/uploads\/2026\/05\/2-184x300.jpg 184w\" sizes=\"(max-width: 376px) 100vw, 376px\" \/>\t\t\t<\/div>\n\t\t\t\t\t\t<div class=\"thim-ekit-team__list-social\"><\/div>\t\t<\/div>\n\t\t\t\t<div class=\"thim-ekit-team__content\">\n\t\t<div class=\"thim-ekit-team__member-name\">Dr. Juan Marques Rodrigues<\/div>\t\t\t<div class=\"thim-ekit-team__member-position\">\n\t\t\t\tVice-Presidente del Institute of International Bioethics\t\t\t<\/div>\n\t\t\t\t\t\t<div class=\"thim-ekit-team__member-description\">\n\t\t\t\tMedico Cirujano Especialidad Cardiolog\u00eda UCV. Profesor Secci\u00f3n de Cardiolog\u00eda Experimental, Instituto de Medicina Tropical, UCV. Master en Medicina Farmaceutica Hibernia College, Ireland.\t\t\t<\/div>\n\t\t\t\t\t<\/div>\n\t\t\t\t\t\t\t\t<\/div>\n\t\t\t\t\t\t\t\t\t\t\t\t<div class=\"thim-ekit-team__article swiper-slide post-23702 page type-page status-publish hentry\">\n\t\t\t\t\t\t\t\t\t<div class=\"thim-ekit-team__thumbnail\">\n\t\t\t\t\t\t<div class=\"thim-ekit-team__image\">\n\t\t\t\t<img loading=\"lazy\" decoding=\"async\" width=\"376\" height=\"614\" src=\"https:\/\/institutodebioetica.com\/site\/wp-content\/uploads\/2026\/05\/1.jpg\" class=\"attachment-medium_large size-medium_large wp-image-23719\" alt=\"\" srcset=\"https:\/\/institutodebioetica.com\/site\/wp-content\/uploads\/2026\/05\/1.jpg 376w, https:\/\/institutodebioetica.com\/site\/wp-content\/uploads\/2026\/05\/1-184x300.jpg 184w\" sizes=\"(max-width: 376px) 100vw, 376px\" \/>\t\t\t<\/div>\n\t\t\t\t\t\t<div class=\"thim-ekit-team__list-social\"><\/div>\t\t<\/div>\n\t\t\t\t<div class=\"thim-ekit-team__content\">\n\t\t<div class=\"thim-ekit-team__member-name\">Dr. Pablo Perez d\u2019Empaire<\/div>\t\t\t<div class=\"thim-ekit-team__member-position\">\n\t\t\t\tSecretario General del Institute of International Bioethics\t\t\t<\/div>\n\t\t\t\t\t\t<div class=\"thim-ekit-team__member-description\">\n\t\t\t\tM\u00e9dico Cirujano Espacialidad Cuidados Intensivos Cardiovascular Anesthesiology and Perioperative Echocardiography. Director, Perioperative POCUS Fellowship Program. Sunnybrook Health Sciences Centre. Assistant Professor, Department of Anesthesiology and Pain Medicine, University of Toronto.\t\t\t<\/div>\n\t\t\t\t\t<\/div>\n\t\t\t\t\t\t\t\t<\/div>\n\t\t\t\t\t\t\t\t\t\t\t\t<div class=\"thim-ekit-team__article swiper-slide post-23702 page type-page status-publish hentry\">\n\t\t\t\t\t\t\t\t\t<div class=\"thim-ekit-team__thumbnail\">\n\t\t\t\t\t\t<div class=\"thim-ekit-team__image\">\n\t\t\t\t<img loading=\"lazy\" decoding=\"async\" width=\"376\" height=\"614\" src=\"https:\/\/institutodebioetica.com\/site\/wp-content\/uploads\/2026\/05\/4.jpg\" class=\"attachment-medium_large size-medium_large wp-image-23721\" alt=\"\" srcset=\"https:\/\/institutodebioetica.com\/site\/wp-content\/uploads\/2026\/05\/4.jpg 376w, https:\/\/institutodebioetica.com\/site\/wp-content\/uploads\/2026\/05\/4-184x300.jpg 184w\" sizes=\"(max-width: 376px) 100vw, 376px\" \/>\t\t\t<\/div>\n\t\t\t\t\t\t<div class=\"thim-ekit-team__list-social\"><\/div>\t\t<\/div>\n\t\t\t\t<div class=\"thim-ekit-team__content\">\n\t\t<div class=\"thim-ekit-team__member-name\">Lcdo. Juan Carlos Herrera<\/div>\t\t\t<div class=\"thim-ekit-team__member-position\">\n\t\t\t\tDirector Innovaci\u00f3n y Nuevas Tecnolog\u00edas del Institute of International Bioethics\t\t\t<\/div>\n\t\t\t\t\t\t<div class=\"thim-ekit-team__member-description\">\n\t\t\t\tEspecialista en Biolog\u00eda Cultural (Escuela Matr\u00edztica, Santiago de Chile). Mentor en IA generativa con m\u00e1s de dos d\u00e9cadas de experiencia en docencia universitaria, coaching y formaci\u00f3n de coaches. Profesor invitado del CEM-UCV, CIAP-UCAB Desde 2015. Preside la Fundaci\u00f3n Aprendinova, donde impulsa iniciativas de pensamiento. computacional desde la infancia y programas de neurociencia aplicada y bio\u00e9tica.\t\t\t<\/div>\n\t\t\t\t\t<\/div>\n\t\t\t\t\t\t\t\t<\/div>\n\t\t\t\t\t\t\t\t\t\t\t\t<div class=\"thim-ekit-team__article swiper-slide post-23702 page type-page status-publish hentry\">\n\t\t\t\t\t\t\t\t\t<div class=\"thim-ekit-team__thumbnail\">\n\t\t\t\t\t\t<div class=\"thim-ekit-team__image\">\n\t\t\t\t<img loading=\"lazy\" decoding=\"async\" width=\"376\" height=\"614\" src=\"https:\/\/institutodebioetica.com\/site\/wp-content\/uploads\/2026\/05\/3.jpg\" class=\"attachment-medium_large size-medium_large wp-image-23723\" alt=\"\" srcset=\"https:\/\/institutodebioetica.com\/site\/wp-content\/uploads\/2026\/05\/3.jpg 376w, https:\/\/institutodebioetica.com\/site\/wp-content\/uploads\/2026\/05\/3-184x300.jpg 184w\" sizes=\"(max-width: 376px) 100vw, 376px\" \/>\t\t\t<\/div>\n\t\t\t\t\t\t<div class=\"thim-ekit-team__list-social\"><\/div>\t\t<\/div>\n\t\t\t\t<div class=\"thim-ekit-team__content\">\n\t\t<div class=\"thim-ekit-team__member-name\">Dra. Maria Eugenia Fern\u00e1ndez de d\u00b4Empare<\/div>\t\t\t<div class=\"thim-ekit-team__member-position\">\n\t\t\t\tDirector de Programas y Docencia del del Institute of International Bioethics\t\t\t<\/div>\n\t\t\t\t\t\t<div class=\"thim-ekit-team__member-description\">\n\t\t\t\tM\u00e9dico Cirujano Especialidad: Ginecolog\u00eda de Infertilidad &amp; Ginecolog\u00eda Infanto Juvenil Magister en Bio\u00e9tica. Experto de Derechos Humanos. Profesora de Bio\u00e9tica Clinica. Directora Instituto Internacional de Bio\u00e9tica Cl\u00ednica. Coordinadora del Proyecto Colibr\u00ed del Instituto Internacional de Bio\u00e9tica. Profesora del Programa Modular en Derecho Sanitario y Biomedicina. UNED. Espa\u00f1a. Coach Organizacional Internacional.\t\t\t<\/div>\n\t\t\t\t\t<\/div>\n\t\t\t\t\t\t\t\t<\/div>\n\t\t\t\t\t\t\t\t\t\t\t\t<div class=\"thim-ekit-team__article swiper-slide post-23702 page type-page status-publish hentry\">\n\t\t\t\t\t\t\t\t\t<div class=\"thim-ekit-team__thumbnail\">\n\t\t\t\t\t\t<div class=\"thim-ekit-team__image\">\n\t\t\t\t<img loading=\"lazy\" decoding=\"async\" width=\"376\" height=\"614\" src=\"https:\/\/institutodebioetica.com\/site\/wp-content\/uploads\/2026\/05\/silueta_dr.jpg\" class=\"attachment-medium_large size-medium_large wp-image-23724\" alt=\"\" srcset=\"https:\/\/institutodebioetica.com\/site\/wp-content\/uploads\/2026\/05\/silueta_dr.jpg 376w, https:\/\/institutodebioetica.com\/site\/wp-content\/uploads\/2026\/05\/silueta_dr-184x300.jpg 184w\" sizes=\"(max-width: 376px) 100vw, 376px\" \/>\t\t\t<\/div>\n\t\t\t\t\t\t<div class=\"thim-ekit-team__list-social\"><\/div>\t\t<\/div>\n\t\t\t\t<div class=\"thim-ekit-team__content\">\n\t\t<div class=\"thim-ekit-team__member-name\">Lcdo. Alvaro Lopes<\/div>\t\t\t<div class=\"thim-ekit-team__member-position\">\n\t\t\t\tDirector Legal del Institute of International Bioethics.\t\t\t<\/div>\n\t\t\t\t\t<\/div>\n\t\t\t\t\t\t\t\t<\/div>\n\t\t\t\t\t\t\t\t\t\t\t\t<div class=\"thim-ekit-team__article swiper-slide post-23702 page type-page status-publish hentry\">\n\t\t\t\t\t\t\t\t\t<div class=\"thim-ekit-team__thumbnail\">\n\t\t\t\t\t\t<div class=\"thim-ekit-team__image\">\n\t\t\t\t<img loading=\"lazy\" decoding=\"async\" width=\"376\" height=\"614\" src=\"https:\/\/institutodebioetica.com\/site\/wp-content\/uploads\/2026\/05\/silueta_dr.jpg\" class=\"attachment-medium_large size-medium_large wp-image-23724\" alt=\"\" srcset=\"https:\/\/institutodebioetica.com\/site\/wp-content\/uploads\/2026\/05\/silueta_dr.jpg 376w, https:\/\/institutodebioetica.com\/site\/wp-content\/uploads\/2026\/05\/silueta_dr-184x300.jpg 184w\" sizes=\"(max-width: 376px) 100vw, 376px\" \/>\t\t\t<\/div>\n\t\t\t\t\t\t<div class=\"thim-ekit-team__list-social\"><\/div>\t\t<\/div>\n\t\t\t\t<div class=\"thim-ekit-team__content\">\n\t\t<div class=\"thim-ekit-team__member-name\">Vacante<\/div>\t\t\t<div class=\"thim-ekit-team__member-position\">\n\t\t\t\tTesorero del Institute of International Bioethics\t\t\t<\/div>\n\t\t\t\t\t<\/div>\n\t\t\t\t\t\t\t\t<\/div>\n\t\t\t\t\t\t\t\t\t<\/div>\n\t\t<\/div>\n\n\t\t\t\t\t\t<\/div>\n\t\t\t\t<\/div>\n\t\t\t\t\t<\/div>\n\t\t\t\t<\/div>\n\t\t<div class=\"elementor-element elementor-element-2b4344ce e-flex e-con-boxed e-con e-parent\" data-id=\"2b4344ce\" data-element_type=\"container\" data-e-type=\"container\" data-settings=\"{&quot;background_background&quot;:&quot;classic&quot;}\">\n\t\t\t\t\t<div class=\"e-con-inner\">\n\t\t<div class=\"elementor-element elementor-element-46a548be e-con-full e-flex e-con e-child\" data-id=\"46a548be\" data-element_type=\"container\" data-e-type=\"container\">\n\t\t\t\t<div class=\"elementor-element elementor-element-51efb1a1 elementor-widget elementor-widget-heading\" data-id=\"51efb1a1\" data-element_type=\"widget\" data-e-type=\"widget\" data-widget_type=\"heading.default\">\n\t\t\t\t\t<h1 class=\"elementor-heading-title elementor-size-default\">\u00bfTiene dudas o preguntas sobre nuestro instituto?<\/h1>\t\t\t\t<\/div>\n\t\t\t\t<div class=\"elementor-element elementor-element-5c03dcac elementor-widget elementor-widget-text-editor\" data-id=\"5c03dcac\" data-element_type=\"widget\" data-e-type=\"widget\" data-widget_type=\"text-editor.default\">\n\t\t\t\t\t\t\t\t\t<section id=\"sp-main-body\"><div class=\"row\"><main id=\"sp-component\" class=\"col-lg-12 \"><div class=\"sp-column \"><div id=\"sp-page-builder\" class=\"sp-page-builder  page-61 \"><div class=\"page-content builder-container\"><section id=\"section-id-1595007250801\" class=\"sppb-section sppb-hidden-lg sppb-hidden-md sppb-hidden-sm sppb-hidden-xs sppb-section-content-center\"><div class=\"sppb-row-container\"><div class=\"sppb-row sppb-align-center\"><div id=\"column-wrap-id-1595007250841\" class=\"sppb-col-md-9  \"><div id=\"column-id-1595007250841\" class=\"sppb-column \"><div class=\"sppb-column-addons\"><div id=\"sppb-addon-wrapper-1595007250842\" class=\"sppb-addon-wrapper  addon-root-text-block\"><div id=\"sppb-addon-1595007250842\" class=\"clearfix  \"><div class=\"sppb-addon sppb-addon-text-block \"><div class=\"sppb-addon-content  \">Mediante la secci\u00f3n de contactos puede hacer las preguntas o dudas que tenga en consideraci\u00f3n.<\/div><\/div><\/div><\/div><\/div><\/div><\/div><\/div><\/div><\/section><\/div><\/div><\/div><\/main><\/div><\/section>\t\t\t\t\t\t\t\t<\/div>\n\t\t\t\t<\/div>\n\t\t<div class=\"elementor-element elementor-element-45c91f5d e-con-full e-flex e-con e-child\" data-id=\"45c91f5d\" data-element_type=\"container\" data-e-type=\"container\">\n\t\t\t\t<div class=\"elementor-element elementor-element-5eba5813 elementor-widget elementor-widget-button\" data-id=\"5eba5813\" data-element_type=\"widget\" data-e-type=\"widget\" data-widget_type=\"button.default\">\n\t\t\t\t\t\t\t\t\t\t<a class=\"elementor-button elementor-button-link elementor-size-sm\" href=\"https:\/\/institutodebioetica.com\/site\/contactenos\/\">\n\t\t\t\t\t\t<span class=\"elementor-button-content-wrapper\">\n\t\t\t\t\t\t<span class=\"elementor-button-icon\">\n\t\t\t\t<i aria-hidden=\"true\" class=\"far fa-comment-alt\"><\/i>\t\t\t<\/span>\n\t\t\t\t\t\t\t\t\t<span class=\"elementor-button-text\">CONT\u00c1CTENOS<\/span>\n\t\t\t\t\t<\/span>\n\t\t\t\t\t<\/a>\n\t\t\t\t\t\t\t\t<\/div>\n\t\t\t\t<\/div>\n\t\t\t\t\t<\/div>\n\t\t\t\t<\/div>\n\t\t\t\t<\/div>\n\t\t","protected":false},"excerpt":{"rendered":"<p>Archivos Trayectoria Profesional Nuestra junta directiva est\u00e1 conformada por grandes profesionales de la Bio\u00e9tica. Personajes de gran experiencia que han dedicado a\u00f1os a esta incre\u00edble ciencia. Fundadores Miembros de la Junta Directiva Dr. Gabriel d&#039; Empaire Y. Presidente del Institute &hellip; <\/p>\n","protected":false},"author":2,"featured_media":0,"parent":0,"menu_order":0,"comment_status":"closed","ping_status":"closed","template":"elementor_header_footer","meta":{"footnotes":""},"class_list":["post-23702","page","type-page","status-publish","hentry"],"_links":{"self":[{"href":"https:\/\/institutodebioetica.com\/site\/wp-json\/wp\/v2\/pages\/23702","targetHints":{"allow":["GET"]}}],"collection":[{"href":"https:\/\/institutodebioetica.com\/site\/wp-json\/wp\/v2\/pages"}],"about":[{"href":"https:\/\/institutodebioetica.com\/site\/wp-json\/wp\/v2\/types\/page"}],"author":[{"embeddable":true,"href":"https:\/\/institutodebioetica.com\/site\/wp-json\/wp\/v2\/users\/2"}],"replies":[{"embeddable":true,"href":"https:\/\/institutodebioetica.com\/site\/wp-json\/wp\/v2\/comments?post=23702"}],"version-history":[{"count":19,"href":"https:\/\/institutodebioetica.com\/site\/wp-json\/wp\/v2\/pages\/23702\/revisions"}],"predecessor-version":[{"id":24004,"href":"https:\/\/institutodebioetica.com\/site\/wp-json\/wp\/v2\/pages\/23702\/revisions\/24004"}],"wp:attachment":[{"href":"https:\/\/institutodebioetica.com\/site\/wp-json\/wp\/v2\/media?parent=23702"}],"curies":[{"name":"wp","href":"https:\/\/api.w.org\/{rel}","templated":true}]}}